{"id":3,"date":"2026-03-30T22:16:53","date_gmt":"2026-03-30T20:16:53","guid":{"rendered":"https:\/\/solarware.temarketinged.hu\/?page_id=3"},"modified":"2026-07-23T14:00:46","modified_gmt":"2026-07-23T12:00:46","slug":"privacy-policy","status":"publish","type":"page","link":"https:\/\/solarware.hu\/en\/adatkezelesi-tajekoztato\/","title":{"rendered":"Privacy Policy"},"content":{"rendered":"\t\t<div data-elementor-type=\"wp-page\" data-elementor-id=\"3\" class=\"elementor elementor-3\" data-elementor-post-type=\"page\">\n\t\t\t\t<div class=\"elementor-element elementor-element-21025ce3 e-con-full e-flex e-con e-child\" data-id=\"21025ce3\" data-element_type=\"container\" data-e-type=\"container\" data-settings=\"{&quot;background_background&quot;:&quot;classic&quot;}\">\n\t\t\t\t<div class=\"elementor-element elementor-element-64e0eb94 elementor-widget elementor-widget-heading\" data-id=\"64e0eb94\" data-element_type=\"widget\" data-e-type=\"widget\" data-widget_type=\"heading.default\">\n\t\t\t\t\t<h5 class=\"elementor-heading-title elementor-size-default\">Adatkezel\u00e9si t\u00e1j\u00e9koztat\u00f3<\/h5>\t\t\t\t<\/div>\n\t\t\t\t<div class=\"elementor-element elementor-element-1477379b elementor-widget elementor-widget-heading\" data-id=\"1477379b\" data-element_type=\"widget\" data-e-type=\"widget\" data-widget_type=\"heading.default\">\n\t\t\t\t\t<h5 class=\"elementor-heading-title elementor-size-default\">2026.03.30.<\/h5>\t\t\t\t<\/div>\n\t\t\t\t<\/div>\n\t\t<div class=\"elementor-element elementor-element-d461f81 e-con-full e-flex e-con e-parent\" data-id=\"d461f81\" data-element_type=\"container\" data-e-type=\"container\" data-settings=\"{&quot;background_background&quot;:&quot;classic&quot;}\">\n\t\t\t\t<div class=\"elementor-element elementor-element-ad9935e elementor-widget__width-initial elementor-widget elementor-widget-text-editor\" data-id=\"ad9935e\" data-element_type=\"widget\" data-e-type=\"widget\" data-widget_type=\"text-editor.default\">\n\t\t\t\t\t\t\t\t\t<p><strong>Solarware Hungary M\u00e9rn\u00f6ki Kft.<\/strong><\/p><table><tbody><tr><td width=\"166\"><p><strong>Utols\u00f3 m\u00f3dos\u00edt\u00e1s<\/strong><\/p><\/td><td width=\"454\"><p>2026. j\u00falius 23.<\/p><\/td><\/tr><tr><td width=\"166\"><p><strong>Adatkezel\u0151<\/strong><\/p><\/td><td width=\"454\"><p>Solarware Hungary M\u00e9rn\u00f6ki Korl\u00e1tolt Felel\u0151ss\u00e9g\u0171 T\u00e1rsas\u00e1g<\/p><\/td><\/tr><tr><td width=\"166\"><p><strong>C\u00e9gjegyz\u00e9ksz\u00e1m<\/strong><\/p><\/td><td width=\"454\"><p>01-09-442785<\/p><\/td><\/tr><tr><td width=\"166\"><p><strong>Ad\u00f3sz\u00e1m<\/strong><\/p><\/td><td width=\"454\"><p>27749045-2-42<\/p><\/td><\/tr><tr><td width=\"166\"><p><strong>Sz\u00e9khely<\/strong><\/p><\/td><td width=\"454\"><p>1173 Budapest, Pesti \u00fat 17.<\/p><\/td><\/tr><tr><td width=\"166\"><p><strong>\u00c1ltal\u00e1nos e-mail<\/strong><\/p><\/td><td width=\"454\"><p>tibor.sinko@solarware.hu<\/p><\/td><\/tr><tr><td width=\"166\"><p><strong>Adatv\u00e9delmi \u00e9s \u00e9rintetti k\u00e9relmek e-mail-c\u00edme<\/strong><\/p><\/td><td width=\"454\"><p>sinko.tibor@solarware.hu<\/p><\/td><\/tr><tr><td width=\"166\"><p><strong>Telefonsz\u00e1m<\/strong><\/p><\/td><td width=\"454\"><p>+36 20 425 8332<\/p><\/td><\/tr><tr><td width=\"166\"><p><strong>Honlap<\/strong><\/p><\/td><td width=\"454\">www.solarware.hu<\/td><\/tr><\/tbody><\/table><p>Az Adatkezel\u0151 \u00f6n\u00e1ll\u00f3 adatkezel\u0151k\u00e9nt j\u00e1r el a m\u00e9rn\u00f6ki, m\u0171szaki tan\u00e1csad\u00e1si, napelemes rendszerekhez \u00e9s elektromosaut\u00f3-t\u00f6lt\u0151kh\u00f6z kapcsol\u00f3d\u00f3 m\u00e9r\u00e9si, fel\u00fclvizsg\u00e1lati, diagnosztikai \u00e9s egy\u00e9b kapcsol\u00f3d\u00f3 szolg\u00e1ltat\u00e1sok ny\u00fajt\u00e1sa, tov\u00e1bb\u00e1 a v\u00e1llalkoz\u00e1s m\u0171k\u00f6d\u00e9s\u00e9hez kapcsol\u00f3d\u00f3 kommunik\u00e1ci\u00f3, szerz\u0151d\u00e9sk\u00f6t\u00e9s, sz\u00e1ml\u00e1z\u00e1s, rendezv\u00e9nyi kapcsolatfelv\u00e9tel, toborz\u00e1s \u00e9s online jelenl\u00e9t sor\u00e1n.<\/p><h2>1. \u00c1LTAL\u00c1NOS INFORM\u00c1CI\u00d3K<\/h2><p><strong>Adatkezel\u00e9si t\u00e1j\u00e9koztat\u00f3 c\u00e9lja:<\/strong><\/p><p>A jelen Adatkezel\u00e9si t\u00e1j\u00e9koztat\u00f3 els\u0151dleges c\u00e9lja, hogy az Adatkezel\u0151 t\u00e1j\u00e9koztat\u00e1st adjon a vele kapcsolatba ker\u00fcl\u0151, a szolg\u00e1ltat\u00e1sait ig\u00e9nybe vev\u0151 term\u00e9szetes szem\u00e9lyek, a jogi szem\u00e9lyek k\u00e9pvisel\u0151i \u00e9s kapcsolattart\u00f3i, a rendezv\u00e9nyeken \u00e9rdekl\u0151d\u0151 szem\u00e9lyek, az \u00e1ll\u00e1sp\u00e1ly\u00e1z\u00f3k, valamint a honlap \u00e9s a k\u00f6z\u00f6ss\u00e9gi m\u00e9diafel\u00fcletek l\u00e1togat\u00f3i r\u00e9sz\u00e9re szem\u00e9lyes adataik kezel\u00e9s\u00e9re vonatkoz\u00f3 adatv\u00e9delmi \u00e9s adatkezel\u00e9si elvekr\u0151l \u00e9s szab\u00e1lyokr\u00f3l.<\/p><p>Jelen adatkezel\u00e9si t\u00e1j\u00e9koztat\u00f3 rendelkez\u00e9seinek kialak\u00edt\u00e1sakor az Adatkezel\u0151 k\u00fcl\u00f6n\u00f6sen figyelemmel volt az Eur\u00f3pai Parlament \u00e9s a Tan\u00e1cs (EU) 2016\/679 rendelet\u00e9re a term\u00e9szetes szem\u00e9lyeknek a szem\u00e9lyes adatok kezel\u00e9se tekintet\u00e9ben t\u00f6rt\u00e9n\u0151 v\u00e9delm\u00e9r\u0151l \u00e9s az ilyen adatok szabad \u00e1raml\u00e1s\u00e1r\u00f3l, valamint a 95\/46\/EK ir\u00e1nyelv hat\u00e1lyon k\u00edv\u00fcl helyez\u00e9s\u00e9r\u0151l (\u00e1ltal\u00e1nos adatv\u00e9delmi rendelet, a tov\u00e1bbiakban: GDPR), az inform\u00e1ci\u00f3s \u00f6nrendelkez\u00e9si jogr\u00f3l \u00e9s az inform\u00e1ci\u00f3szabads\u00e1gr\u00f3l sz\u00f3l\u00f3 2011. \u00e9vi CXII. t\u00f6rv\u00e9nyre (a tov\u00e1bbiakban: Infotv.), a Polg\u00e1ri T\u00f6rv\u00e9nyk\u00f6nyvr\u0151l sz\u00f3l\u00f3 2013. \u00e9vi V. t\u00f6rv\u00e9nyre (a tov\u00e1bbiakban: Ptk.), a sz\u00e1mvitelr\u0151l sz\u00f3l\u00f3 2000. \u00e9vi C. t\u00f6rv\u00e9nyre (a tov\u00e1bbiakban: Sz\u00e1mviteli t\u00f6rv\u00e9ny), az \u00e1ltal\u00e1nos forgalmi ad\u00f3r\u00f3l sz\u00f3l\u00f3 2007. \u00e9vi CXXVII. t\u00f6rv\u00e9nyre, tov\u00e1bb\u00e1 az egy\u00e9b vonatkoz\u00f3 jogszab\u00e1lyok rendelkez\u00e9seire.<\/p><p>A jelen t\u00e1j\u00e9koztat\u00f3 a honlap s\u00fctijeinek \u00e9s hasonl\u00f3 technol\u00f3gi\u00e1inak r\u00e9szletes szab\u00e1lyait nem tartalmazza. Ezekr\u0151l az Adatkezel\u0151 k\u00fcl\u00f6n s\u00fcti t\u00e1j\u00e9koztat\u00f3ban ad t\u00e1j\u00e9koztat\u00e1st.<\/p><h2>2. ADATKEZEL\u00c9SSEL KAPCSOLATOS FOGALMAK<\/h2><p>A szem\u00e9lyes adatkezel\u00e9sek sor\u00e1n el\u0151fordul\u00f3 egyes fogalmakat a GDPR hat\u00e1rozza meg. Jelen pont a GDPR-ban meghat\u00e1rozott, a jelen t\u00e1j\u00e9koztat\u00f3 \u00e9rtelmez\u00e9s\u00e9hez sz\u00fcks\u00e9ges fogalmakat tartalmazza az \u00e1tl\u00e1that\u00f3s\u00e1g \u00e9s az egy\u00e9rtelm\u0171s\u00e9g biztos\u00edt\u00e1sa \u00e9rdek\u00e9ben.<\/p><p><strong>\u201eszem\u00e9lyes adat\u201d: <\/strong>azonos\u00edtott vagy azonos\u00edthat\u00f3 term\u00e9szetes szem\u00e9lyre (\u201e\u00c9rintett\u201d) vonatkoz\u00f3 b\u00e1rmely inform\u00e1ci\u00f3; azonos\u00edthat\u00f3 az a term\u00e9szetes szem\u00e9ly, aki k\u00f6zvetlen vagy k\u00f6zvetett m\u00f3don, k\u00fcl\u00f6n\u00f6sen valamely azonos\u00edt\u00f3, p\u00e9ld\u00e1ul n\u00e9v, sz\u00e1m, helymeghat\u00e1roz\u00f3 adat, online azonos\u00edt\u00f3 vagy a term\u00e9szetes szem\u00e9ly testi, fiziol\u00f3giai, genetikai, szellemi, gazdas\u00e1gi, kultur\u00e1lis vagy szoci\u00e1lis azonoss\u00e1g\u00e1ra vonatkoz\u00f3 egy vagy t\u00f6bb t\u00e9nyez\u0151 alapj\u00e1n azonos\u00edthat\u00f3;<\/p><p><strong>\u201ek\u00fcl\u00f6nleges adat\u201d: <\/strong>a faji vagy etnikai sz\u00e1rmaz\u00e1sra, politikai v\u00e9lem\u00e9nyre, vall\u00e1si vagy vil\u00e1gn\u00e9zeti meggy\u0151z\u0151d\u00e9sre vagy szakszervezeti tags\u00e1gra utal\u00f3 szem\u00e9lyes adatok, valamint a term\u00e9szetes szem\u00e9lyek egyedi azonos\u00edt\u00e1s\u00e1t c\u00e9lz\u00f3 genetikai \u00e9s biometrikus adatok, az eg\u00e9szs\u00e9g\u00fcgyi adatok \u00e9s a term\u00e9szetes szem\u00e9lyek szexu\u00e1lis \u00e9let\u00e9re vagy szexu\u00e1lis ir\u00e1nyults\u00e1g\u00e1ra vonatkoz\u00f3 szem\u00e9lyes adatok. Ezen adatok kezel\u00e9se f\u0151szab\u00e1ly szerint tilos. Az Adatkezel\u0151 szolg\u00e1ltat\u00e1saihoz k\u00fcl\u00f6nleges adat megad\u00e1sa nem sz\u00fcks\u00e9ges, ez\u00e9rt k\u00e9ri az \u00c9rintetteket, hogy ilyen adatot ne k\u00fcldjenek;<\/p><p><strong>\u201eadatkezel\u00e9s\u201d: <\/strong>a szem\u00e9lyes adatokon vagy adat\u00e1llom\u00e1nyokon automatiz\u00e1lt vagy nem automatiz\u00e1lt m\u00f3don v\u00e9gzett b\u00e1rmely m\u0171velet vagy m\u0171veletek \u00f6sszess\u00e9ge, \u00edgy a gy\u0171jt\u00e9s, r\u00f6gz\u00edt\u00e9s, rendszerez\u00e9s, tagol\u00e1s, t\u00e1rol\u00e1s, \u00e1talak\u00edt\u00e1s vagy megv\u00e1ltoztat\u00e1s, lek\u00e9rdez\u00e9s, betekint\u00e9s, felhaszn\u00e1l\u00e1s, k\u00f6zl\u00e9s, tov\u00e1bb\u00edt\u00e1s, terjeszt\u00e9s vagy egy\u00e9b m\u00f3don t\u00f6rt\u00e9n\u0151 hozz\u00e1f\u00e9rhet\u0151v\u00e9 t\u00e9tel \u00fatj\u00e1n, \u00f6sszehangol\u00e1s vagy \u00f6sszekapcsol\u00e1s, korl\u00e1toz\u00e1s, t\u00f6rl\u00e9s, illetve megsemmis\u00edt\u00e9s;<\/p><p><strong>\u201eaz adatkezel\u00e9s korl\u00e1toz\u00e1sa\u201d: <\/strong>a t\u00e1rolt szem\u00e9lyes adatok megjel\u00f6l\u00e9se j\u00f6v\u0151beli kezel\u00e9s\u00fck korl\u00e1toz\u00e1sa c\u00e9lj\u00e1b\u00f3l;<\/p><p><strong>\u201eadatkezel\u0151\u201d: <\/strong>az a term\u00e9szetes vagy jogi szem\u00e9ly, k\u00f6zhatalmi szerv, \u00fcgyn\u00f6ks\u00e9g vagy b\u00e1rmely egy\u00e9b szerv, amely a szem\u00e9lyes adatok kezel\u00e9s\u00e9nek c\u00e9ljait \u00e9s eszk\u00f6zeit \u00f6n\u00e1ll\u00f3an vagy m\u00e1sokkal egy\u00fctt meghat\u00e1rozza; ha az adatkezel\u00e9s c\u00e9ljait \u00e9s eszk\u00f6zeit az uni\u00f3s vagy a tag\u00e1llami jog hat\u00e1rozza meg, az adatkezel\u0151t vagy az adatkezel\u0151 kijel\u00f6l\u00e9s\u00e9re vonatkoz\u00f3 k\u00fcl\u00f6n\u00f6s szempontokat az uni\u00f3s vagy a tag\u00e1llami jog is meghat\u00e1rozhatja;<\/p><p><strong>\u201eadatfeldolgoz\u00f3\u201d: <\/strong>az a term\u00e9szetes vagy jogi szem\u00e9ly, k\u00f6zhatalmi szerv, \u00fcgyn\u00f6ks\u00e9g vagy b\u00e1rmely egy\u00e9b szerv, amely az adatkezel\u0151 nev\u00e9ben szem\u00e9lyes adatokat kezel;<\/p><p><strong>\u201ec\u00edmzett\u201d: <\/strong>az a term\u00e9szetes vagy jogi szem\u00e9ly, k\u00f6zhatalmi szerv, \u00fcgyn\u00f6ks\u00e9g vagy b\u00e1rmely egy\u00e9b szerv, akivel vagy amellyel a szem\u00e9lyes adatot k\u00f6zlik, f\u00fcggetlen\u00fcl att\u00f3l, hogy harmadik f\u00e9l-e. Azon k\u00f6zhatalmi szervek, amelyek egy egyedi vizsg\u00e1lat keret\u00e9ben az uni\u00f3s vagy a tag\u00e1llami joggal \u00f6sszhangban f\u00e9rhetnek hozz\u00e1 szem\u00e9lyes adatokhoz, nem min\u0151s\u00fclnek c\u00edmzettnek; az eml\u00edtett adatok e k\u00f6zhatalmi szervek \u00e1ltali kezel\u00e9s\u00e9nek meg kell felelnie az adatkezel\u00e9s c\u00e9ljainak megfelel\u0151en alkalmazand\u00f3 adatv\u00e9delmi szab\u00e1lyoknak;<\/p><p><strong>\u201eharmadik f\u00e9l\u201d: <\/strong>az a term\u00e9szetes vagy jogi szem\u00e9ly, k\u00f6zhatalmi szerv, \u00fcgyn\u00f6ks\u00e9g vagy b\u00e1rmely egy\u00e9b szerv, amely nem azonos az \u00c9rintettel, az Adatkezel\u0151vel, az adatfeldolgoz\u00f3val vagy azokkal a szem\u00e9lyekkel, akik az Adatkezel\u0151 vagy az adatfeldolgoz\u00f3 k\u00f6zvetlen ir\u00e1ny\u00edt\u00e1sa alatt a szem\u00e9lyes adatok kezel\u00e9s\u00e9re felhatalmaz\u00e1st kaptak;<\/p><p><strong>\u201eaz \u00c9rintett hozz\u00e1j\u00e1rul\u00e1sa\u201d: <\/strong>az \u00c9rintett akarat\u00e1nak \u00f6nk\u00e9ntes, konkr\u00e9t \u00e9s megfelel\u0151 t\u00e1j\u00e9koztat\u00e1son alapul\u00f3 \u00e9s egy\u00e9rtelm\u0171 kinyilv\u00e1n\u00edt\u00e1sa, amellyel az \u00c9rintett nyilatkozat vagy a meger\u0151s\u00edt\u00e9st f\u00e9lre\u00e9rthetetlen\u00fcl kifejez\u0151 cselekedet \u00fatj\u00e1n jelzi, hogy beleegyez\u00e9s\u00e9t adja az \u0151t \u00e9rint\u0151 szem\u00e9lyes adatok kezel\u00e9s\u00e9hez;<\/p><p><strong>\u201ev\u00e1llalkoz\u00e1s\u201d: <\/strong>gazdas\u00e1gi tev\u00e9kenys\u00e9get folytat\u00f3 term\u00e9szetes vagy jogi szem\u00e9ly, f\u00fcggetlen\u00fcl a jogi form\u00e1j\u00e1t\u00f3l, ide\u00e9rtve a rendszeres gazdas\u00e1gi tev\u00e9kenys\u00e9get folytat\u00f3 szem\u00e9lyegyes\u00edt\u0151 t\u00e1rsas\u00e1gokat \u00e9s egyes\u00fcleteket is;<\/p><p><strong>\u201eadatv\u00e9delmi incidens\u201d: <\/strong>a biztons\u00e1g olyan s\u00e9r\u00fcl\u00e9se, amely a tov\u00e1bb\u00edtott, t\u00e1rolt vagy m\u00e1s m\u00f3don kezelt szem\u00e9lyes adatok v\u00e9letlen vagy jogellenes megsemmis\u00edt\u00e9s\u00e9t, elveszt\u00e9s\u00e9t, megv\u00e1ltoztat\u00e1s\u00e1t, jogosulatlan k\u00f6zl\u00e9s\u00e9t vagy az azokhoz val\u00f3 jogosulatlan hozz\u00e1f\u00e9r\u00e9st eredm\u00e9nyezi;<\/p><p><strong>\u201efel\u00fcgyeleti hat\u00f3s\u00e1g\u201d: <\/strong>egy tag\u00e1llam \u00e1ltal a GDPR 51. cikk\u00e9nek megfelel\u0151en l\u00e9trehozott f\u00fcggetlen k\u00f6zhatalmi szerv; Magyarorsz\u00e1gon a Nemzeti Adatv\u00e9delmi \u00e9s Inform\u00e1ci\u00f3szabads\u00e1g Hat\u00f3s\u00e1g (NAIH).<\/p><h2>3. ADATKEZEL\u00c9S ALAPELVEI<\/h2><p>A szem\u00e9lyes adatok kezel\u00e9s\u00e9t jogszer\u0171en \u00e9s tisztess\u00e9gesen, valamint az \u00c9rintett sz\u00e1m\u00e1ra \u00e1tl\u00e1that\u00f3 m\u00f3don kell v\u00e9gezni.<\/p><p>A szem\u00e9lyes adat kiz\u00e1r\u00f3lag meghat\u00e1rozott, egy\u00e9rtelm\u0171 \u00e9s jogszer\u0171 c\u00e9lb\u00f3l, megfelel\u0151 jogalappal, jog gyakorl\u00e1sa vagy k\u00f6telezetts\u00e9g teljes\u00edt\u00e9se \u00e9rdek\u00e9ben kezelhet\u0151, \u00e9s az adatok nem kezelhet\u0151k e c\u00e9lokkal \u00f6ssze nem egyeztethet\u0151 m\u00f3don.<\/p><p>Az adatkezel\u00e9snek minden szakasz\u00e1ban meg kell felelnie az adatkezel\u00e9s c\u00e9lj\u00e1nak, az adatok felv\u00e9tel\u00e9nek \u00e9s kezel\u00e9s\u00e9nek tisztess\u00e9gesnek \u00e9s t\u00f6rv\u00e9nyesnek kell lennie. Csak olyan szem\u00e9lyes adat kezelhet\u0151, amely az adatkezel\u00e9s c\u00e9lj\u00e1nak megval\u00f3sul\u00e1s\u00e1hoz sz\u00fcks\u00e9ges \u00e9s arra alkalmas.<\/p><p>A szem\u00e9lyes adat csak a c\u00e9l megval\u00f3sul\u00e1s\u00e1hoz sz\u00fcks\u00e9ges m\u00e9rt\u00e9kben \u00e9s ideig kezelhet\u0151.<\/p><p>Az Adatkezel\u0151 t\u00f6rekszik arra, hogy az \u00e1ltala kezelt szem\u00e9lyes adatok pontosak \u00e9s naprak\u00e9szek legyenek. Az Adatkezel\u0151 minden \u00e9szszer\u0171 int\u00e9zked\u00e9st megtesz annak \u00e9rdek\u00e9ben, hogy az adatkezel\u00e9s c\u00e9ljai szempontj\u00e1b\u00f3l pontatlan szem\u00e9lyes adatok halad\u00e9ktalanul t\u00f6rl\u00e9sre vagy helyesb\u00edt\u00e9sre ker\u00fcljenek.<\/p><p>Az Adatkezel\u0151 a szem\u00e9lyes adatokat olyan form\u00e1ban t\u00e1rolja, amely az \u00c9rintettek azonos\u00edt\u00e1s\u00e1t csak a szem\u00e9lyes adatok kezel\u00e9se c\u00e9ljainak el\u00e9r\u00e9s\u00e9hez sz\u00fcks\u00e9ges ideig teszi lehet\u0151v\u00e9, figyelemmel a vonatkoz\u00f3 jogszab\u00e1lyokban meghat\u00e1rozott t\u00e1rol\u00e1si k\u00f6telezetts\u00e9gekre.<\/p><p>A szem\u00e9lyes adatok kezel\u00e9s\u00e9t oly m\u00f3don kell v\u00e9gezni, hogy megfelel\u0151 technikai vagy szervez\u00e9si int\u00e9zked\u00e9sek alkalmaz\u00e1s\u00e1val biztos\u00edtva legyen a szem\u00e9lyes adatok megfelel\u0151 biztons\u00e1ga, ide\u00e9rtve az adatok jogosulatlan vagy jogellenes kezel\u00e9s\u00e9vel, v\u00e9letlen elveszt\u00e9s\u00e9vel, megsemmis\u00edt\u00e9s\u00e9vel vagy k\u00e1rosod\u00e1s\u00e1val szembeni v\u00e9delmet.<\/p><p>Az Adatkezel\u0151 felel\u0151s a fent le\u00edrt alapelveknek val\u00f3 megfelel\u00e9s\u00e9rt, tov\u00e1bb\u00e1 k\u00e9pesnek kell lennie e megfelel\u00e9s igazol\u00e1s\u00e1ra.<\/p><h2>4. ADATKEZEL\u00c9SI M\u0170VELETEK<\/h2><p>Az egyes adatkezel\u00e9si m\u0171veletek r\u00e9szletes felt\u00e9teleit az al\u00e1bbi pontok tartalmazz\u00e1k. Az Adatkezel\u0151 nem v\u00e9gez automatiz\u00e1lt d\u00f6nt\u00e9shozatalt vagy profilalkot\u00e1st.<\/p><h3><strong>4.1. Kapcsolatfelv\u00e9tel, t\u00e1j\u00e9koztat\u00e1sk\u00e9r\u00e9s, aj\u00e1nlatk\u00e9r\u00e9s \u00e9s id\u0151pont-egyeztet\u00e9s<\/strong><\/h3><p>Az \u00c9rintett az Adatkezel\u0151t telefonon, e-mailben, a honlap kapcsolatfelv\u00e9teli vagy aj\u00e1nlatk\u00e9r\u0151 \u0171rlapj\u00e1n, szem\u00e9lyesen, rendezv\u00e9nyen vagy m\u00e1s, az Adatkezel\u0151 \u00e1ltal biztos\u00edtott csatorn\u00e1n keresheti meg. A kapcsolatfelv\u00e9tel \u00f6nmag\u00e1ban nem eredm\u00e9nyezi automatikusan szerz\u0151d\u00e9s l\u00e9trej\u00f6tt\u00e9t.<\/p><table><tbody><tr><td width=\"166\"><p><strong>Adatkezel\u00e9s c\u00e9lja<\/strong><\/p><\/td><td width=\"454\"><p>A megkeres\u00e9s fogad\u00e1sa, megv\u00e1laszol\u00e1sa, az ig\u00e9ny felm\u00e9r\u00e9se, m\u0171szaki \u00e9s \u00fczleti egyeztet\u00e9s, aj\u00e1nlatad\u00e1s, helysz\u00edni felm\u00e9r\u00e9s vagy szolg\u00e1ltat\u00e1s id\u0151pontj\u00e1nak egyeztet\u00e9se.<\/p><\/td><\/tr><tr><td width=\"166\"><p><strong>\u00c9rintettek k\u00f6re<\/strong><\/p><\/td><td width=\"454\"><p>\u00c9rdekl\u0151d\u0151k, aj\u00e1nlatk\u00e9r\u0151k, \u00fcgyfelek, leend\u0151 \u00fcgyfelek, jogi szem\u00e9lyek k\u00e9pvisel\u0151i \u00e9s kapcsolattart\u00f3i.<\/p><\/td><\/tr><tr><td width=\"166\"><p><strong>Kezelt adatok<\/strong><\/p><\/td><td width=\"454\"><p>Vezet\u00e9kn\u00e9v, keresztn\u00e9v, e-mail-c\u00edm, telefonsz\u00e1m, levelez\u00e9si vagy szolg\u00e1ltat\u00e1si c\u00edm, c\u00e9gn\u00e9v \u00e9s beoszt\u00e1s, az \u00fczenet \u00e9s a megkeres\u00e9s tartalma, az ig\u00e9nyelt szolg\u00e1ltat\u00e1s, a rendszer vagy berendez\u00e9s t\u00edpusa \u00e9s teljes\u00edtm\u00e9nye, az ingatlan vagy helysz\u00edn jellege, a megkeres\u00e9s id\u0151pontja, valamint az \u00c9rintett \u00e1ltal \u00f6nk\u00e9nt megadott m\u0171szaki adatok \u00e9s dokumentumok, \u00edgy k\u00fcl\u00f6n\u00f6sen kapcsol\u00e1si rajz, kor\u00e1bbi vizsg\u00e1lati jegyz\u0151k\u00f6nyv vagy f\u00e9nyk\u00e9p.<\/p><\/td><\/tr><tr><td width=\"166\"><p><strong>Jogalap<\/strong><\/p><\/td><td width=\"454\"><p>Term\u00e9szetes szem\u00e9ly saj\u00e1t \u00fcgy\u00e9ben t\u00f6rt\u00e9n\u0151 aj\u00e1nlatk\u00e9r\u00e9se eset\u00e9n a GDPR 6. cikk (1) bekezd\u00e9s b) pontja szerinti, szerz\u0151d\u00e9sk\u00f6t\u00e9st megel\u0151z\u0151 int\u00e9zked\u00e9sek megt\u00e9tele. Jogi szem\u00e9ly k\u00e9pvisel\u0151je vagy kapcsolattart\u00f3ja eset\u00e9n a GDPR 6. cikk (1) bekezd\u00e9s f) pontja szerinti jogos \u00e9rdek: az \u00fczleti kapcsolat kialak\u00edt\u00e1sa \u00e9s a megkeres\u00e9s megv\u00e1laszol\u00e1sa.<\/p><\/td><\/tr><tr><td width=\"166\"><p><strong>Adatszolg\u00e1ltat\u00e1s elmarad\u00e1s\u00e1nak k\u00f6vetkezm\u00e9nye<\/strong><\/p><\/td><td width=\"454\"><p>A sz\u00fcks\u00e9ges kapcsolattart\u00e1si vagy m\u0171szaki adatok hi\u00e1ny\u00e1ban az Adatkezel\u0151 nem vagy csak korl\u00e1tozottan tud v\u00e1laszt, aj\u00e1nlatot vagy id\u0151pontot biztos\u00edtani.<\/p><\/td><\/tr><tr><td width=\"166\"><p><strong>Meg\u0151rz\u00e9si id\u0151<\/strong><\/p><\/td><td width=\"454\"><p>A megkeres\u00e9s lez\u00e1r\u00e1s\u00e1t\u00f3l sz\u00e1m\u00edtott 1 \u00e9v. Szerz\u0151d\u00e9s l\u00e9trej\u00f6tte eset\u00e9n a szerz\u0151d\u00e9s teljes\u00edt\u00e9s\u00e9hez \u00e9s a jogi ig\u00e9nyekhez kapcsol\u00f3d\u00f3 iratokra a 4.2. pont szerinti meg\u0151rz\u00e9si id\u0151 alkalmazand\u00f3.<\/p><\/td><\/tr><tr><td width=\"166\"><p><strong>Adatok forr\u00e1sa<\/strong><\/p><\/td><td width=\"454\"><p>K\u00f6zvetlen\u00fcl az \u00c9rintett\u0151l, illetve jogi szem\u00e9ly \u00fcgyf\u00e9l \u00e1ltal kijel\u00f6lt kapcsolattart\u00f3 eset\u00e9n az \u00fcgyf\u00e9lt\u0151l.<\/p><\/td><\/tr><tr><td width=\"166\"><p><strong>T\u00e1rol\u00e1s m\u00f3dja<\/strong><\/p><\/td><td width=\"454\"><p>Digit\u00e1lisan az e-mail- \u00e9s informatikai rendszerekben, a honlap t\u00e1rhely\u00e9n \u00e9s sz\u00fcks\u00e9g szerint helyi eszk\u00f6z\u00f6n; nyomtat\u00e1s eset\u00e9n mapp\u00e1ban, z\u00e1rhat\u00f3 szekr\u00e9nyben.<\/p><\/td><\/tr><tr><td width=\"166\"><p><strong>C\u00edmzettek \/ adatfeldolgoz\u00f3k<\/strong><\/p><\/td><td width=\"454\"><p>Hostinger International Ltd.; Microsoft Ireland Operations Limited; Temarketinged Kft.; sz\u00fcks\u00e9g szerint az Adatkezel\u0151 megb\u00edzott szakemberei.<\/p><\/td><\/tr><\/tbody><\/table><h3><strong>4.2. Szerz\u0151d\u00e9sk\u00f6t\u00e9s, szolg\u00e1ltat\u00e1sny\u00fajt\u00e1s, m\u0171szaki felm\u00e9r\u00e9s, m\u00e9r\u00e9s, munkalap \u00e9s jegyz\u0151k\u00f6nyv k\u00e9sz\u00edt\u00e9se<\/strong><\/h3><p>Az Adatkezel\u0151 m\u00e9rn\u00f6ki, m\u0171szaki tan\u00e1csad\u00e1si, napelemes rendszerekhez \u00e9s elektromosaut\u00f3-t\u00f6lt\u0151kh\u00f6z kapcsol\u00f3d\u00f3 m\u00e9r\u00e9si, fel\u00fclvizsg\u00e1lati, diagnosztikai \u00e9s egy\u00e9b kapcsol\u00f3d\u00f3 szolg\u00e1ltat\u00e1sokat ny\u00fajt. A szolg\u00e1ltat\u00e1s teljes\u00edt\u00e9se sor\u00e1n az Adatkezel\u0151 szerz\u0151d\u00e9st, megrendel\u0151t, munkalapot, m\u00e9r\u00e9si dokument\u00e1ci\u00f3t, jegyz\u0151k\u00f6nyvet, f\u00e9nyk\u00e9pes dokument\u00e1ci\u00f3t vagy m\u00e1s m\u0171szaki iratot k\u00e9sz\u00edthet.<\/p><table><tbody><tr><td width=\"166\"><p><strong>Adatkezel\u00e9s c\u00e9lja<\/strong><\/p><\/td><td width=\"454\"><p>A szerz\u0151d\u00e9s l\u00e9trehoz\u00e1sa \u00e9s teljes\u00edt\u00e9se; a megrendel\u00e9s dokument\u00e1l\u00e1sa; helysz\u00edni felm\u00e9r\u00e9s, m\u00e9r\u00e9s, diagnosztika \u00e9s m\u0171szaki fel\u00fclvizsg\u00e1lat elv\u00e9gz\u00e9se; munkalap, m\u00e9r\u00e9si jegyz\u0151k\u00f6nyv, szakv\u00e9lem\u00e9ny, hibajegyz\u00e9k \u00e9s kapcsol\u00f3d\u00f3 dokument\u00e1ci\u00f3 elk\u00e9sz\u00edt\u00e9se \u00e9s \u00e1tad\u00e1sa; kapcsolattart\u00e1s; min\u0151s\u00e9gbiztos\u00edt\u00e1s; garanci\u00e1lis \u00e9s jogi ig\u00e9nyek kezel\u00e9se.<\/p><\/td><\/tr><tr><td width=\"166\"><p><strong>\u00c9rintettek k\u00f6re<\/strong><\/p><\/td><td width=\"454\"><p>Megrendel\u0151 term\u00e9szetes szem\u00e9lyek, egy\u00e9ni v\u00e1llalkoz\u00f3k, jogi szem\u00e9ly \u00fcgyfelek k\u00e9pvisel\u0151i \u00e9s kapcsolattart\u00f3i, a vizsg\u00e1lati helysz\u00edn tulajdonosai, haszn\u00e1l\u00f3i vagy az \u00e1ltaluk kijel\u00f6lt szem\u00e9lyek.<\/p><\/td><\/tr><tr><td width=\"166\"><p><strong>Kezelt adatok<\/strong><\/p><\/td><td width=\"454\"><p>N\u00e9v; c\u00e9gn\u00e9v, beoszt\u00e1s \u00e9s k\u00e9pviseleti min\u0151s\u00e9g; e-mail-c\u00edm; telefonsz\u00e1m; levelez\u00e9si c\u00edm; sz\u00e1ml\u00e1z\u00e1si \u00e9s szolg\u00e1ltat\u00e1si c\u00edm; a helysz\u00edn c\u00edme \u00e9s az ingatlan azonos\u00edt\u00e1s\u00e1hoz sz\u00fcks\u00e9ges adatok; a tulajdonos, haszn\u00e1l\u00f3 vagy helysz\u00edni kapcsolattart\u00f3 neve \u00e9s el\u00e9rhet\u0151s\u00e9ge; megrendel\u00e9s- \u00e9s szerz\u0151d\u00e9sazonos\u00edt\u00f3; al\u00e1\u00edr\u00e1s; a munkav\u00e9gz\u00e9s id\u0151pontja; a rendszer, berendez\u00e9s vagy eszk\u00f6z t\u00edpusa, gy\u00e1rt\u00f3ja, modellje, gy\u00e1ri vagy sorozatsz\u00e1ma, n\u00e9vleges teljes\u00edtm\u00e9nye \u00e9s egy\u00e9b m\u0171szaki jellemz\u0151i; inverter-, modul-, energiat\u00e1rol\u00f3- vagy t\u00f6lt\u0151berendez\u00e9s-adatok; m\u00e9r\u00e9si eredm\u00e9nyek \u00e9s hat\u00e1r\u00e9rt\u00e9kek; \u00e9szlelt hib\u00e1k, elt\u00e9r\u00e9sek \u00e9s meg\u00e1llap\u00edt\u00e1sok; f\u00e9nyk\u00e9pek a berendez\u00e9sr\u0151l, csatlakoz\u00e1sokr\u00f3l, m\u00e9r\u00e9si pontr\u00f3l vagy hib\u00e1r\u00f3l; egyvonalas kapcsol\u00e1si rajzok, alaprajzok, kor\u00e1bbi jegyz\u0151k\u00f6nyvek \u00e9s egy\u00e9b m\u0171szaki dokumentumok; az \u00e1tad\u00e1s-\u00e1tv\u00e9tel t\u00e9nye; tov\u00e1bb\u00e1 az \u00c9rintett \u00e1ltal \u00f6nk\u00e9nt megadott, a teljes\u00edt\u00e9shez sz\u00fcks\u00e9ges egy\u00e9b adat.<\/p><\/td><\/tr><tr><td width=\"166\"><p><strong>Jogalap<\/strong><\/p><\/td><td width=\"454\"><p>Term\u00e9szetes szem\u00e9ly megrendel\u0151 eset\u00e9n a GDPR 6. cikk (1) bekezd\u00e9s b) pontja szerinti szerz\u0151d\u00e9s teljes\u00edt\u00e9se. Jogi szem\u00e9ly k\u00e9pvisel\u0151je, kapcsolattart\u00f3ja, tulajdonosa vagy helysz\u00edni k\u00f6zrem\u0171k\u00f6d\u0151je eset\u00e9n a GDPR 6. cikk (1) bekezd\u00e9s f) pontja szerinti jogos \u00e9rdek: a szerz\u0151d\u00e9s teljes\u00edt\u00e9se, a m\u0171szaki feladat biztons\u00e1gos \u00e9s igazolhat\u00f3 elv\u00e9gz\u00e9se, valamint a kapcsolattart\u00e1s. K\u00f6telez\u0151 m\u0171szaki dokument\u00e1l\u00e1s eset\u00e9n a GDPR 6. cikk (1) bekezd\u00e9s c) pontja szerinti jogi k\u00f6telezetts\u00e9g is alkalmazand\u00f3 lehet.<\/p><\/td><\/tr><tr><td width=\"166\"><p><strong>Jogos \u00e9rdek megnevez\u00e9se<\/strong><\/p><\/td><td width=\"454\"><p>Az Adatkezel\u0151 \u00e9s az \u00fcgyf\u00e9l jogos \u00e9rdeke a szolg\u00e1ltat\u00e1s megfelel\u0151, biztons\u00e1gos, ellen\u0151rizhet\u0151 \u00e9s bizony\u00edthat\u00f3 teljes\u00edt\u00e9se, a m\u0171szaki \u00e1llapot \u00e9s a m\u00e9r\u00e9sek dokument\u00e1l\u00e1sa, valamint a k\u00e9s\u0151bbi jogvit\u00e1k megel\u0151z\u00e9se \u00e9s kezel\u00e9se.<\/p><\/td><\/tr><tr><td width=\"166\"><p><strong>Adatszolg\u00e1ltat\u00e1s elmarad\u00e1s\u00e1nak k\u00f6vetkezm\u00e9nye<\/strong><\/p><\/td><td width=\"454\"><p>A szerz\u0151d\u00e9s teljes\u00edt\u00e9s\u00e9hez, a helysz\u00edn azonos\u00edt\u00e1s\u00e1hoz, a kapcsolattart\u00e1shoz vagy a m\u0171szaki dokument\u00e1ci\u00f3 elk\u00e9sz\u00edt\u00e9s\u00e9hez sz\u00fcks\u00e9ges adatok hi\u00e1ny\u00e1ban a szolg\u00e1ltat\u00e1s nem vagy nem megfelel\u0151en teljes\u00edthet\u0151.<\/p><\/td><\/tr><tr><td width=\"166\"><p><strong>Meg\u0151rz\u00e9si id\u0151<\/strong><\/p><\/td><td width=\"454\"><p>A szerz\u0151d\u00e9s megsz\u0171n\u00e9s\u00e9t vagy a szolg\u00e1ltat\u00e1s teljes\u00edt\u00e9s\u00e9t k\u00f6vet\u0151 5 \u00e9v, illetve jogvita, hat\u00f3s\u00e1gi elj\u00e1r\u00e1s vagy garanci\u00e1lis \u00fcgy eset\u00e9n annak joger\u0151s lez\u00e1r\u00e1s\u00e1ig. Ha valamely dokumentum sz\u00e1mviteli bizonylatnak min\u0151s\u00fcl, arra a 4.5. pont szerinti 8 \u00e9ves meg\u0151rz\u00e9si id\u0151 alkalmazand\u00f3. K\u00fcl\u00f6n jogszab\u00e1ly vagy szerz\u0151d\u00e9s hosszabb meg\u0151rz\u00e9st \u00edrhat el\u0151.<\/p><\/td><\/tr><tr><td width=\"166\"><p><strong>Adatok forr\u00e1sa<\/strong><\/p><\/td><td width=\"454\"><p>K\u00f6zvetlen\u00fcl az \u00c9rintett\u0151l, a megrendel\u0151 \u00fcgyf\u00e9lt\u0151l, a helysz\u00edni kapcsolattart\u00f3t\u00f3l, a vizsg\u00e1lt berendez\u00e9sb\u0151l vagy rendszerb\u0151l, tov\u00e1bb\u00e1 az \u00e1tadott m\u0171szaki dokument\u00e1ci\u00f3b\u00f3l \u00e9s a helysz\u00edni m\u00e9r\u00e9sb\u0151l.<\/p><\/td><\/tr><tr><td width=\"166\"><p><strong>T\u00e1rol\u00e1s m\u00f3dja<\/strong><\/p><\/td><td width=\"454\"><p>Pap\u00edralapon mapp\u00e1kban, z\u00e1rhat\u00f3 szekr\u00e9nyben; digit\u00e1lisan az Adatkezel\u0151 informatikai rendszer\u00e9ben, e-mail-fi\u00f3kj\u00e1ban, felh\u0151alap\u00fa t\u00e1rhely\u00e9n \u00e9s sz\u00fcks\u00e9g szerint helyi eszk\u00f6z\u00e9n.<\/p><\/td><\/tr><tr><td width=\"166\"><p><strong>C\u00edmzettek \/ adatfeldolgoz\u00f3k<\/strong><\/p><\/td><td width=\"454\"><p>Microsoft Ireland Operations Limited; Temarketinged Kft.; a szerz\u0151d\u00e9s teljes\u00edt\u00e9s\u00e9ben k\u00f6zrem\u0171k\u00f6d\u0151 szakemberek; sz\u00fcks\u00e9g szerint a k\u00e9s\u0151bb megnevezend\u0151 logisztikai partner.<\/p><\/td><\/tr><\/tbody><\/table><h3><strong>4.3. Szakmai ki\u00e1ll\u00edt\u00e1sokon t\u00f6rt\u00e9n\u0151 pap\u00edralap\u00fa \u00e9rdekl\u0151d\u0151i regisztr\u00e1ci\u00f3<\/strong><\/h3><p>Az Adatkezel\u0151 szakmai ki\u00e1ll\u00edt\u00e1sokon \u00e9s rendezv\u00e9nyeken lehet\u0151s\u00e9get biztos\u00edthat arra, hogy a r\u00e9sztvev\u0151k pap\u00edralap\u00fa regisztr\u00e1ci\u00f3s lapon jelezz\u00e9k \u00e9rdekl\u0151d\u00e9s\u00fcket az Adatkezel\u0151 szolg\u00e1ltat\u00e1sai ir\u00e1nt. A regisztr\u00e1ci\u00f3 \u00f6nk\u00e9ntes.<\/p><table><tbody><tr><td width=\"166\"><p><strong>Adatkezel\u00e9s c\u00e9lja<\/strong><\/p><\/td><td width=\"454\"><p>Az \u00e9rdekl\u0151d\u0151kkel t\u00f6rt\u00e9n\u0151 kapcsolatfelv\u00e9tel \u00e9s t\u00e1j\u00e9koztat\u00e1s az Adatkezel\u0151 szolg\u00e1ltat\u00e1sair\u00f3l, az \u00e9rdekl\u0151d\u00e9si k\u00f6rnek megfelel\u0151 aj\u00e1nlat vagy inform\u00e1ci\u00f3 megk\u00fcld\u00e9se.<\/p><\/td><\/tr><tr><td width=\"166\"><p><strong>\u00c9rintettek k\u00f6re<\/strong><\/p><\/td><td width=\"454\"><p>Szakmai ki\u00e1ll\u00edt\u00e1sok \u00e9s rendezv\u00e9nyek r\u00e9sztvev\u0151i, akik \u00f6nk\u00e9ntesen kit\u00f6ltik a regisztr\u00e1ci\u00f3s lapot.<\/p><\/td><\/tr><tr><td width=\"166\"><p><strong>Kezelt adatok<\/strong><\/p><\/td><td width=\"454\"><p>N\u00e9v, c\u00e9gn\u00e9v, beoszt\u00e1s, e-mail-c\u00edm, telefonsz\u00e1m, levelez\u00e9si c\u00edm, \u00e9rdekl\u0151d\u00e9si ter\u00fclet, a kapcsolatfelv\u00e9telhez adott nyilatkozat, d\u00e1tum \u00e9s al\u00e1\u00edr\u00e1s, valamint az \u00c9rintett \u00e1ltal \u00f6nk\u00e9nt megadott egy\u00e9b adat.<\/p><\/td><\/tr><tr><td width=\"166\"><p><strong>Jogalap<\/strong><\/p><\/td><td width=\"454\"><p>A GDPR 6. cikk (1) bekezd\u00e9s a) pontja szerinti hozz\u00e1j\u00e1rul\u00e1s.<\/p><\/td><\/tr><tr><td width=\"166\"><p><strong>Hozz\u00e1j\u00e1rul\u00e1s visszavon\u00e1sa<\/strong><\/p><\/td><td width=\"454\"><p>Az \u00c9rintett a hozz\u00e1j\u00e1rul\u00e1s\u00e1t b\u00e1rmikor, indokol\u00e1s n\u00e9lk\u00fcl visszavonhatja a jelen t\u00e1j\u00e9koztat\u00f3ban megadott el\u00e9rhet\u0151s\u00e9geken. A visszavon\u00e1s nem \u00e9rinti a visszavon\u00e1s el\u0151tt v\u00e9gzett adatkezel\u00e9s jogszer\u0171s\u00e9g\u00e9t.<\/p><\/td><\/tr><tr><td width=\"166\"><p><strong>Meg\u0151rz\u00e9si id\u0151<\/strong><\/p><\/td><td width=\"454\"><p>A regisztr\u00e1ci\u00f3t\u00f3l sz\u00e1m\u00edtott 1 \u00e9v, vagy a hozz\u00e1j\u00e1rul\u00e1s kor\u00e1bbi visszavon\u00e1s\u00e1ig. A meg\u0151rz\u00e9si id\u0151 lej\u00e1rt\u00e1t k\u00f6vet\u0151en a regisztr\u00e1ci\u00f3s lapokat az Adatkezel\u0151 megsemmis\u00edti.<\/p><\/td><\/tr><tr><td width=\"166\"><p><strong>T\u00e1rol\u00e1s m\u00f3dja<\/strong><\/p><\/td><td width=\"454\"><p>Pap\u00edralapon mapp\u00e1kban, z\u00e1rhat\u00f3 szekr\u00e9nyben.<\/p><\/td><\/tr><tr><td width=\"166\"><p><strong>C\u00edmzettek \/ adatfeldolgoz\u00f3k<\/strong><\/p><\/td><td width=\"454\"><p>A kapcsolatfelv\u00e9tel sor\u00e1n Microsoft Ireland Operations Limited \u00e9s Temarketinged Kft. f\u00e9rhet hozz\u00e1 az adatokhoz a szolg\u00e1ltat\u00e1saik ny\u00fajt\u00e1s\u00e1hoz sz\u00fcks\u00e9ges m\u00e9rt\u00e9kben.<\/p><\/td><\/tr><\/tbody><\/table><h3><strong>4.4. Kapcsolattart\u00e1s Viber alkalmaz\u00e1son kereszt\u00fcl<\/strong><\/h3><p>Az Adatkezel\u0151 a Viber alkalmaz\u00e1st kiz\u00e1r\u00f3lag kommunik\u00e1ci\u00f3ra \u00e9s kapcsolattart\u00e1sra haszn\u00e1lja. A Viber nem min\u0151s\u00fcl az Adatkezel\u0151 els\u0151dleges vagy kiz\u00e1r\u00f3lagos hivatalos \u00fcgyint\u00e9z\u00e9si csatorn\u00e1j\u00e1nak. Az \u00c9rintett d\u00f6nthet \u00fagy, hogy e-mailt vagy telefont haszn\u00e1l.<\/p><table><tbody><tr><td width=\"166\"><p><strong>Adatkezel\u00e9s c\u00e9lja<\/strong><\/p><\/td><td width=\"454\"><p>Kapcsolattart\u00e1s, egyeztet\u00e9s, r\u00f6vid t\u00e1j\u00e9koztat\u00e1sok \u00e9s a szolg\u00e1ltat\u00e1shoz kapcsol\u00f3d\u00f3 \u00fczenetek tov\u00e1bb\u00edt\u00e1sa.<\/p><\/td><\/tr><tr><td width=\"166\"><p><strong>Kezelt adatok<\/strong><\/p><\/td><td width=\"454\"><p>Telefonsz\u00e1m, Viber-profiln\u00e9v \u00e9s profilk\u00e9p, az \u00fczenet tartalma \u00e9s id\u0151pontja, k\u00e9zbes\u00edt\u00e9si adatok, tov\u00e1bb\u00e1 az \u00c9rintett \u00e1ltal \u00f6nk\u00e9nt megk\u00fcld\u00f6tt f\u00e1jlok vagy f\u00e9nyk\u00e9pek.<\/p><\/td><\/tr><tr><td width=\"166\"><p><strong>Jogalap<\/strong><\/p><\/td><td width=\"454\"><p>Szerz\u0151d\u00e9sk\u00f6t\u00e9st megel\u0151z\u0151 vagy szerz\u0151d\u00e9ses kommunik\u00e1ci\u00f3 eset\u00e9n a GDPR 6. cikk (1) bekezd\u00e9s b) pontja; jogi szem\u00e9ly kapcsolattart\u00f3j\u00e1val folytatott kommunik\u00e1ci\u00f3 eset\u00e9n a GDPR 6. cikk (1) bekezd\u00e9s f) pontja szerinti jogos \u00e9rdek.<\/p><\/td><\/tr><tr><td width=\"166\"><p><strong>Meg\u0151rz\u00e9si id\u0151<\/strong><\/p><\/td><td width=\"454\"><p>A kommunik\u00e1ci\u00f3 lez\u00e1r\u00e1s\u00e1t\u00f3l sz\u00e1m\u00edtott 1 \u00e9v. Ha az \u00fczenet a szerz\u0151d\u00e9s teljes\u00edt\u00e9s\u00e9nek vagy jogi ig\u00e9ny \u00e9rv\u00e9nyes\u00edt\u00e9s\u00e9nek bizony\u00edt\u00e9ka, a 4.2. pont szerinti id\u0151tartamig.<\/p><\/td><\/tr><tr><td width=\"166\"><p><strong>T\u00e1rol\u00e1s m\u00f3dja<\/strong><\/p><\/td><td width=\"454\"><p>A Viber alkalmaz\u00e1sban \u00e9s az azt futtat\u00f3 eszk\u00f6z\u00f6n; sz\u00fcks\u00e9g eset\u00e9n az \u00fcgyirat r\u00e9szek\u00e9nt az Adatkezel\u0151 informatikai rendszer\u00e9ben.<\/p><\/td><\/tr><tr><td width=\"166\"><p><strong>C\u00edmzett \/ szolg\u00e1ltat\u00f3<\/strong><\/p><\/td><td width=\"454\"><p>Viber Media S.\u00e0 r.l., 2 rue du Foss\u00e9, L-1536 Luxembourg, Luxemburg.<\/p><\/td><\/tr><tr><td width=\"166\"><p><strong>Korl\u00e1toz\u00e1s<\/strong><\/p><\/td><td width=\"454\"><p>Az Adatkezel\u0151 k\u00e9ri, hogy az \u00c9rintett Viberen kereszt\u00fcl ne k\u00fcldj\u00f6n k\u00fcl\u00f6nleges adatot, szem\u00e9lyazonos\u00edt\u00f3 okm\u00e1nyt, bankk\u00e1rtyaadatot vagy m\u00e1s, a kapcsolattart\u00e1s c\u00e9lj\u00e1hoz nem sz\u00fcks\u00e9ges bizalmas inform\u00e1ci\u00f3t.<\/p><\/td><\/tr><\/tbody><\/table><h3><strong>4.5. Fizet\u00e9ssel, sz\u00e1ml\u00e1z\u00e1ssal, k\u00f6nyvel\u00e9ssel \u00e9s sz\u00e1mviteli bizonylatokkal kapcsolatos adatkezel\u00e9s<\/strong><\/h3><p>Az Adatkezel\u0151 a szolg\u00e1ltat\u00e1sok ellen\u00e9rt\u00e9k\u00e9t banki \u00e1tutal\u00e1ssal vagy k\u00e9szp\u00e9nzben fogadja el, a sz\u00e1ml\u00e1kat a Sz\u00e1ml\u00e1zz.hu rendszer haszn\u00e1lat\u00e1val \u00e1ll\u00edtja ki. A k\u00f6nyvel\u0151 a Sz\u00e1ml\u00e1zz.hu rendszerhez hozz\u00e1f\u00e9r\u00e9ssel rendelkezik.<\/p><table><tbody><tr><td width=\"166\"><p><strong>Adatkezel\u00e9s c\u00e9lja<\/strong><\/p><\/td><td width=\"454\"><p>Sz\u00e1mla \u00e9s egy\u00e9b sz\u00e1mviteli bizonylat ki\u00e1ll\u00edt\u00e1sa, a fizet\u00e9s nyilv\u00e1ntart\u00e1sa, k\u00f6nyvel\u00e9s, ad\u00f3- \u00e9s sz\u00e1mviteli k\u00f6telezetts\u00e9gek teljes\u00edt\u00e9se.<\/p><\/td><\/tr><tr><td width=\"166\"><p><strong>\u00c9rintettek k\u00f6re<\/strong><\/p><\/td><td width=\"454\"><p>\u00dcgyfelek, megrendel\u0151k, fizet\u0151k, egy\u00e9ni v\u00e1llalkoz\u00f3k, jogi szem\u00e9ly \u00fcgyfelek k\u00e9pvisel\u0151i \u00e9s a sz\u00e1ml\u00e1n vagy bizonylaton felt\u00fcntetett szem\u00e9lyek.<\/p><\/td><\/tr><tr><td width=\"166\"><p><strong>Kezelt adatok<\/strong><\/p><\/td><td width=\"454\"><p>N\u00e9v vagy c\u00e9gn\u00e9v, sz\u00e1ml\u00e1z\u00e1si c\u00edm, ad\u00f3sz\u00e1m, e-mail-c\u00edm, a megrendelt szolg\u00e1ltat\u00e1s megnevez\u00e9se, ellen\u00e9rt\u00e9ke \u00e9s teljes\u00edt\u00e9si adatai, sz\u00e1mlaazonos\u00edt\u00f3, fizet\u00e9si m\u00f3d, banki \u00e1tutal\u00e1s eset\u00e9n banksz\u00e1mlasz\u00e1m, k\u00f6zlem\u00e9ny \u00e9s tranzakci\u00f3s adatok, k\u00e9szp\u00e9nzes fizet\u00e9s eset\u00e9n a bizonylat adatai, valamint a jogszab\u00e1ly \u00e1ltal el\u0151\u00edrt egy\u00e9b adatok.<\/p><\/td><\/tr><tr><td width=\"166\"><p><strong>Jogalap<\/strong><\/p><\/td><td width=\"454\"><p>A GDPR 6. cikk (1) bekezd\u00e9s c) pontja szerinti jogi k\u00f6telezetts\u00e9g teljes\u00edt\u00e9se, k\u00fcl\u00f6n\u00f6sen a Sz\u00e1mviteli t\u00f6rv\u00e9ny \u00e9s az \u00e1ltal\u00e1nos forgalmi ad\u00f3r\u00f3l sz\u00f3l\u00f3 t\u00f6rv\u00e9ny alapj\u00e1n.<\/p><\/td><\/tr><tr><td width=\"166\"><p><strong>Meg\u0151rz\u00e9si id\u0151<\/strong><\/p><\/td><td width=\"454\"><p>A Sz\u00e1mviteli t\u00f6rv\u00e9ny alapj\u00e1n legal\u00e1bb 8 \u00e9v.<\/p><\/td><\/tr><tr><td width=\"166\"><p><strong>T\u00e1rol\u00e1s m\u00f3dja<\/strong><\/p><\/td><td width=\"454\"><p>Digit\u00e1lisan a Sz\u00e1ml\u00e1zz.hu rendszerben, a k\u00f6nyvel\u00e9si \u00e9s banki rendszerekben, valamint sz\u00fcks\u00e9g szerint pap\u00edralapon mapp\u00e1ban, z\u00e1rhat\u00f3 szekr\u00e9nyben.<\/p><\/td><\/tr><tr><td width=\"166\"><p><strong>C\u00edmzettek \/ adatfeldolgoz\u00f3k<\/strong><\/p><\/td><td width=\"454\"><p>KBOSS.hu Kft. (Sz\u00e1ml\u00e1zz.hu); az Adatkezel\u0151 k\u00f6nyvel\u0151je; az Adatkezel\u0151 sz\u00e1mlavezet\u0151 p\u00e9nzint\u00e9zete; jogszab\u00e1ly alapj\u00e1n a Nemzeti Ad\u00f3- \u00e9s V\u00e1mhivatal \u00e9s m\u00e1s hat\u00f3s\u00e1gok.<\/p><\/td><\/tr><tr><td width=\"166\"><p><strong>K\u00f6nyvel\u0151 adatai<\/strong><\/p><\/td><td width=\"454\"><p>[K\u00c9S\u0150BB KIT\u00d6LTEND\u0150 \u2013 k\u00f6nyvel\u0151 vagy k\u00f6nyvel\u0151iroda neve, sz\u00e9khelye, c\u00e9gjegyz\u00e9ksz\u00e1ma\/nyilv\u00e1ntart\u00e1si sz\u00e1ma, ad\u00f3sz\u00e1ma \u00e9s el\u00e9rhet\u0151s\u00e9ge]<\/p><\/td><\/tr><\/tbody><\/table><h3><strong>4.6. \u00c1ll\u00e1sp\u00e1ly\u00e1zatok \u00e9s kiv\u00e1laszt\u00e1si elj\u00e1r\u00e1s<\/strong><\/h3><p>Az Adatkezel\u0151 \u00e1ll\u00e1shirdet\u00e9st tehet k\u00f6zz\u00e9, \u00e9s az arra jelentkez\u0151 p\u00e1ly\u00e1z\u00f3kt\u00f3l \u00f6n\u00e9letrajzot, motiv\u00e1ci\u00f3s levelet, b\u00e9rig\u00e9nyt \u00e9s a kiv\u00e1laszt\u00e1shoz sz\u00fcks\u00e9ges tov\u00e1bbi adatokat k\u00e9rhet. Az Adatkezel\u0151 kiz\u00e1r\u00f3lag az adott \u00e1ll\u00e1s bet\u00f6lt\u00e9s\u00e9hez sz\u00fcks\u00e9ges adatokat \u00e9rt\u00e9keli.<\/p><table><tbody><tr><td width=\"166\"><p><strong>Adatkezel\u00e9s c\u00e9lja<\/strong><\/p><\/td><td width=\"454\"><p>A meghirdetett munkak\u00f6rre jelentkez\u0151k azonos\u00edt\u00e1sa, a szakmai alkalmass\u00e1g \u00e9s tapasztalat \u00e9rt\u00e9kel\u00e9se, kapcsolattart\u00e1s, interj\u00fa szervez\u00e9se \u00e9s a kiv\u00e1laszt\u00e1si d\u00f6nt\u00e9s meghozatala.<\/p><\/td><\/tr><tr><td width=\"166\"><p><strong>\u00c9rintettek k\u00f6re<\/strong><\/p><\/td><td width=\"454\"><p>Az Adatkezel\u0151 \u00e1ltal meghirdetett \u00e1ll\u00e1sra jelentkez\u0151 szem\u00e9lyek.<\/p><\/td><\/tr><tr><td width=\"166\"><p><strong>Kezelt adatok<\/strong><\/p><\/td><td width=\"454\"><p>N\u00e9v; lak\u00f3hely vagy tart\u00f3zkod\u00e1si hely, ha a p\u00e1ly\u00e1z\u00f3 megadja; e-mail-c\u00edm; telefonsz\u00e1m; f\u00e9nyk\u00e9p; \u00f6n\u00e9letrajz \u00e9s motiv\u00e1ci\u00f3s lev\u00e9l tartalma; iskolai v\u00e9gzetts\u00e9g, szakk\u00e9pzetts\u00e9g, k\u00e9pes\u00edt\u00e9sek \u00e9s igazolv\u00e1nyok; szakmai tapasztalat; kor\u00e1bbi munk\u00e1ltat\u00f3k \u00e9s munkak\u00f6r\u00f6k; nyelvtud\u00e1s; informatikai \u00e9s egy\u00e9b k\u00e9szs\u00e9gek; jogos\u00edtv\u00e1nyra vonatkoz\u00f3 adat, amennyiben a munkak\u00f6rh\u00f6z sz\u00fcks\u00e9ges; b\u00e9rig\u00e9ny; referenci\u00e1k \u00e9s aj\u00e1nl\u00e1sok; az interj\u00fan megadott inform\u00e1ci\u00f3k; az \u00e9rt\u00e9kel\u00e9s \u00e9s a kiv\u00e1laszt\u00e1si d\u00f6nt\u00e9s adatai; valamint a p\u00e1ly\u00e1z\u00f3 \u00e1ltal \u00f6nk\u00e9nt megadott egy\u00e9b, a munkak\u00f6r szempontj\u00e1b\u00f3l relev\u00e1ns adat.<\/p><\/td><\/tr><tr><td width=\"166\"><p><strong>Jogalap<\/strong><\/p><\/td><td width=\"454\"><p>A GDPR 6. cikk (1) bekezd\u00e9s b) pontja szerinti, az \u00c9rintett k\u00e9r\u00e9s\u00e9re t\u00f6rt\u00e9n\u0151, munkaszerz\u0151d\u00e9s megk\u00f6t\u00e9s\u00e9t megel\u0151z\u0151 int\u00e9zked\u00e9sek megt\u00e9tele. A p\u00e1ly\u00e1z\u00f3 \u00e1ltal \u00f6nk\u00e9nt megadott, a kiv\u00e1laszt\u00e1shoz nem sz\u00fcks\u00e9ges adatok kezel\u00e9s\u00e9t az Adatkezel\u0151 mell\u0151zi, \u00e9s sz\u00fcks\u00e9g szerint t\u00f6rli.<\/p><\/td><\/tr><tr><td width=\"166\"><p><strong>Meg\u0151rz\u00e9si id\u0151<\/strong><\/p><\/td><td width=\"454\"><p>A sikertelen p\u00e1ly\u00e1z\u00f3k adatait az Adatkezel\u0151 az adott \u00e1ll\u00e1s bet\u00f6lt\u00e9s\u00e9t k\u00f6vet\u0151en t\u00f6rli. A nyertes p\u00e1ly\u00e1z\u00f3 adatai a foglalkoztat\u00e1shoz sz\u00fcks\u00e9ges k\u00f6rben a munkav\u00e1llal\u00f3i dokument\u00e1ci\u00f3 r\u00e9sz\u00e9v\u00e9 v\u00e1lnak.<\/p><\/td><\/tr><tr><td width=\"166\"><p><strong>Adatok forr\u00e1sa<\/strong><\/p><\/td><td width=\"454\"><p>K\u00f6zvetlen\u00fcl a p\u00e1ly\u00e1z\u00f3t\u00f3l, illetve a p\u00e1ly\u00e1z\u00f3 \u00e1ltal megjel\u00f6lt referenciaszem\u00e9lyt\u0151l, ha a kapcsolatfelv\u00e9telhez megfelel\u0151 t\u00e1j\u00e9koztat\u00e1s \u00e9s jogalap rendelkez\u00e9sre \u00e1ll.<\/p><\/td><\/tr><tr><td width=\"166\"><p><strong>T\u00e1rol\u00e1s m\u00f3dja<\/strong><\/p><\/td><td width=\"454\"><p>Digit\u00e1lisan e-mailben \u00e9s az Adatkezel\u0151 informatikai rendszer\u00e9ben; nyomtat\u00e1s eset\u00e9n mapp\u00e1ban, z\u00e1rhat\u00f3 szekr\u00e9nyben.<\/p><\/td><\/tr><tr><td width=\"166\"><p><strong>C\u00edmzettek \/ adatfeldolgoz\u00f3k<\/strong><\/p><\/td><td width=\"454\"><p>Microsoft Ireland Operations Limited; Temarketinged Kft.; a kiv\u00e1laszt\u00e1sban r\u00e9szt vev\u0151, titoktart\u00e1sra k\u00f6teles szem\u00e9lyek.<\/p><\/td><\/tr><\/tbody><\/table><h3><strong>4.7. K\u00f6z\u00f6ss\u00e9gi m\u00e9diafel\u00fcletek: Facebook, LinkedIn \u00e9s X<\/strong><\/h3><p>Az Adatkezel\u0151 szakmai jelenl\u00e9t, t\u00e1j\u00e9koztat\u00e1s, kapcsolat\u00e9p\u00edt\u00e9s \u00e9s kommunik\u00e1ci\u00f3 c\u00e9lj\u00e1b\u00f3l Facebook-, LinkedIn- \u00e9s X-oldalt vagy profilt \u00fczemeltet. A k\u00f6z\u00f6ss\u00e9gi fel\u00fcletek haszn\u00e1lata \u00f6nk\u00e9ntes. A platformokon k\u00f6zz\u00e9tett vagy elk\u00fcld\u00f6tt adatokra az adott platform saj\u00e1t adatkezel\u00e9si felt\u00e9telei is alkalmazand\u00f3k.<\/p><p>A k\u00f6z\u00f6ss\u00e9gi m\u00e9dia fel\u00fcleteken kereszt\u00fcl nem t\u00f6rt\u00e9nik bizalmas m\u0171szaki dokument\u00e1ci\u00f3 vagy k\u00fcl\u00f6nleges szem\u00e9lyes adat kezel\u00e9se. Az Adatkezel\u0151 k\u00e9ri, hogy az \u00c9rintettek ilyen adatot ne osszanak meg nyilv\u00e1nosan vagy priv\u00e1t \u00fczenetben; az Adatkezel\u0151 sz\u00fcks\u00e9g eset\u00e9n biztons\u00e1gosabb kommunik\u00e1ci\u00f3s csatorn\u00e1ra ir\u00e1ny\u00edtja \u00e1t a megkeres\u00e9st.<\/p><table><tbody><tr><td width=\"166\"><p><strong>Adatkezel\u00e9s c\u00e9lja<\/strong><\/p><\/td><td width=\"454\"><p>Szakmai tartalmak \u00e9s h\u00edrek k\u00f6zz\u00e9t\u00e9tele, az Adatkezel\u0151 szolg\u00e1ltat\u00e1sainak bemutat\u00e1sa, hozz\u00e1sz\u00f3l\u00e1sok \u00e9s reakci\u00f3k kezel\u00e9se, kapcsolattart\u00e1s, k\u00f6z\u00f6ss\u00e9g\u00e9p\u00edt\u00e9s, valamint a platform \u00e1ltal biztos\u00edtott \u00f6sszes\u00edtett statisztik\u00e1k megismer\u00e9se.<\/p><\/td><\/tr><tr><td width=\"166\"><p><strong>Kezelt adatok<\/strong><\/p><\/td><td width=\"454\"><p>Az \u00c9rintett platformon haszn\u00e1lt neve, felhaszn\u00e1l\u00f3neve, nyilv\u00e1nos profiladatai \u00e9s profilk\u00e9pe, k\u00f6vet\u00e9s vagy kedvel\u00e9s t\u00e9nye, hozz\u00e1sz\u00f3l\u00e1s, reakci\u00f3, megoszt\u00e1s, c\u00edmk\u00e9z\u00e9s, priv\u00e1t \u00fczenet tartalma, a kommunik\u00e1ci\u00f3 id\u0151pontja, valamint a platform \u00e1ltal az oldalkezel\u0151k sz\u00e1m\u00e1ra biztos\u00edtott statisztikai adatok.<\/p><\/td><\/tr><tr><td width=\"166\"><p><strong>Jogalap<\/strong><\/p><\/td><td width=\"454\"><p>Az \u00c9rintett \u00e1ltal kezdem\u00e9nyezett kommunik\u00e1ci\u00f3 \u00e9s interakci\u00f3 eset\u00e9n a GDPR 6. cikk (1) bekezd\u00e9s a) pontja szerinti hozz\u00e1j\u00e1rul\u00e1s, illetve megkeres\u00e9s vagy szerz\u0151d\u00e9ses egyeztet\u00e9s eset\u00e9n a GDPR 6. cikk (1) bekezd\u00e9s b) pontja. Az oldal \u00fczemeltet\u00e9se, moder\u00e1l\u00e1sa \u00e9s a v\u00e1llalkoz\u00e1s szakmai jelenl\u00e9te tekintet\u00e9ben a GDPR 6. cikk (1) bekezd\u00e9s f) pontja szerinti jogos \u00e9rdek.<\/p><\/td><\/tr><tr><td width=\"166\"><p><strong>Meg\u0151rz\u00e9si id\u0151<\/strong><\/p><\/td><td width=\"454\"><p>A nyilv\u00e1nos tartalmak \u00e9s interakci\u00f3k az \u00c9rintett vagy az Adatkezel\u0151 t\u00f6rl\u00e9s\u00e9ig, illetve a platform szab\u00e1lyai szerinti ideig maradnak el\u00e9rhet\u0151k. A saj\u00e1t rendszerben meg\u0151rz\u00f6tt \u00fczleti megkeres\u00e9sekre a 4.1. vagy 4.2. pont szerinti id\u0151tartam alkalmazand\u00f3.<\/p><\/td><\/tr><tr><td width=\"166\"><p><strong>K\u00f6z\u00f6s adatkezel\u00e9s<\/strong><\/p><\/td><td width=\"454\"><p>A platformok \u00e1ltal biztos\u00edtott oldalstatisztikai \u00e9s oldalkezel\u00e9si funkci\u00f3k tekintet\u00e9ben az Adatkezel\u0151 \u00e9s az adott platform szolg\u00e1ltat\u00f3ja a GDPR szerinti k\u00f6z\u00f6s adatkezel\u0151i min\u0151s\u00e9gben j\u00e1rhat el. Az \u00c9rintettek a platform \u00e1ltal \u00f6n\u00e1ll\u00f3an v\u00e9gzett adatkezel\u00e9sekkel kapcsolatos jogaikat az adott platform szab\u00e1lyzata szerint gyakorolhatj\u00e1k.<\/p><\/td><\/tr><tr><td width=\"166\"><p><strong>Platformszolg\u00e1ltat\u00f3k<\/strong><\/p><\/td><td width=\"454\"><p>Facebook: Meta Platforms Ireland Limited, Merrion Road, Dublin 4, D04 X2K5, \u00cdrorsz\u00e1g. LinkedIn: LinkedIn Ireland Unlimited Company, Wilton Plaza, Wilton Place, Dublin 2, D02 AD98, \u00cdrorsz\u00e1g. X: X Internet Unlimited Company, One Cumberland Place, Fenian Street, Dublin 2, D02 AX07, \u00cdrorsz\u00e1g.<\/p><\/td><\/tr><\/tbody><\/table><h3><strong>4.8. Honlap m\u0171k\u00f6dtet\u00e9se, informatikai biztons\u00e1g, napl\u00f3z\u00e1s \u00e9s reCAPTCHA v3<\/strong><\/h3><p>A honlap a m\u0171k\u00f6d\u00e9s\u00e9hez sz\u00fcks\u00e9ges technikai adatokat kezelhet. A kapcsolatfelv\u00e9teli \u0171rlapok v\u00e9delme \u00e9rdek\u00e9ben az Adatkezel\u0151 Google reCAPTCHA v3 szolg\u00e1ltat\u00e1st haszn\u00e1l. A honlap s\u00fctijeinek \u00e9s hasonl\u00f3 technol\u00f3gi\u00e1inak r\u00e9szletes szab\u00e1lyait k\u00fcl\u00f6n s\u00fcti t\u00e1j\u00e9koztat\u00f3 tartalmazza.<\/p><table><tbody><tr><td width=\"166\"><p><strong>Adatkezel\u00e9s c\u00e9lja<\/strong><\/p><\/td><td width=\"454\"><p>A honlap el\u00e9rhet\u0151v\u00e9 t\u00e9tele, biztons\u00e1gos m\u0171k\u00f6dtet\u00e9se, hib\u00e1k felt\u00e1r\u00e1sa, jogosulatlan hozz\u00e1f\u00e9r\u00e9sek \u00e9s automatiz\u00e1lt vissza\u00e9l\u00e9sek megel\u0151z\u00e9se, a kapcsolatfelv\u00e9teli \u0171rlapok v\u00e9delme.<\/p><\/td><\/tr><tr><td width=\"166\"><p><strong>Kezelt adatok<\/strong><\/p><\/td><td width=\"454\"><p>IP-c\u00edm, a hozz\u00e1f\u00e9r\u00e9s id\u0151pontja, a megl\u00e1togatott oldal vagy k\u00e9rt er\u0151forr\u00e1s, b\u00f6ng\u00e9sz\u0151 \u00e9s eszk\u00f6z technikai adatai, HTTP-st\u00e1tuszk\u00f3dok, napl\u00f3adatok, reCAPTCHA kock\u00e1zati \u00e9rt\u00e9kel\u00e9shez felhaszn\u00e1lt technikai \u00e9s haszn\u00e1lati adatok, valamint a biztons\u00e1gi esem\u00e9nyek adatai.<\/p><\/td><\/tr><tr><td width=\"166\"><p><strong>Jogalap<\/strong><\/p><\/td><td width=\"454\"><p>A GDPR 6. cikk (1) bekezd\u00e9s f) pontja szerinti jogos \u00e9rdek: az informatikai rendszer biztons\u00e1g\u00e1nak, rendelkez\u00e9sre \u00e1ll\u00e1s\u00e1nak \u00e9s rendeltet\u00e9sszer\u0171 haszn\u00e1lat\u00e1nak biztos\u00edt\u00e1sa. Amennyiben valamely technol\u00f3gia az elektronikus h\u00edrk\u00f6zl\u0151 v\u00e9gberendez\u00e9s\u00e9n nem felt\u00e9tlen\u00fcl sz\u00fcks\u00e9ges inform\u00e1ci\u00f3t t\u00e1rol vagy \u00e9r el, annak alkalmaz\u00e1s\u00e1ra a k\u00fcl\u00f6n s\u00fcti t\u00e1j\u00e9koztat\u00f3ban meghat\u00e1rozott hozz\u00e1j\u00e1rul\u00e1s alapj\u00e1n ker\u00fcl sor.<\/p><\/td><\/tr><tr><td width=\"166\"><p><strong>Meg\u0151rz\u00e9si id\u0151<\/strong><\/p><\/td><td width=\"454\"><p>A biztons\u00e1gi \u00e9s szervernapl\u00f3k f\u0151szab\u00e1ly szerint legfeljebb 90 napig; biztons\u00e1gi esem\u00e9ny vagy jogvita eset\u00e9n az elj\u00e1r\u00e1s lez\u00e1r\u00e1s\u00e1ig. A kapcsolatfelv\u00e9teli \u0171rlapon megadott adatokra a 4.1. pont alkalmazand\u00f3.<\/p><\/td><\/tr><tr><td width=\"166\"><p><strong>C\u00edmzettek \/ adatfeldolgoz\u00f3k<\/strong><\/p><\/td><td width=\"454\"><p>Hostinger International Ltd.; Google Ireland Limited; Temarketinged Kft.<\/p><\/td><\/tr><tr><td width=\"166\"><p><strong>T\u00e1rol\u00e1s m\u00f3dja<\/strong><\/p><\/td><td width=\"454\"><p>Digit\u00e1lisan a t\u00e1rhelyszolg\u00e1ltat\u00f3 szerverein, a honlap adminisztr\u00e1ci\u00f3s rendszer\u00e9ben \u00e9s a kapcsol\u00f3d\u00f3 informatikai rendszerekben.<\/p><\/td><\/tr><\/tbody><\/table><h3><strong>4.9. Google Analytics, Search Console \u00e9s Tag Manager<\/strong><\/h3><p>Az Adatkezel\u0151 a honlap m\u0171k\u00f6d\u00e9s\u00e9nek, l\u00e1togatotts\u00e1g\u00e1nak, technikai teljes\u00edtm\u00e9ny\u00e9nek \u00e9s keres\u0151ben val\u00f3 megjelen\u00e9s\u00e9nek elemz\u00e9s\u00e9re Google Analytics, Google Search Console \u00e9s Google Tag Manager szolg\u00e1ltat\u00e1sokat haszn\u00e1l. A szem\u00e9lyes adatokkal j\u00e1r\u00f3 s\u00fctik, m\u00e9r\u00e9si azonos\u00edt\u00f3k \u00e9s hasonl\u00f3 technol\u00f3gi\u00e1k alkalmaz\u00e1s\u00e1r\u00f3l, jogalapj\u00e1r\u00f3l \u00e9s meg\u0151rz\u00e9s\u00e9r\u0151l a k\u00fcl\u00f6n s\u00fcti t\u00e1j\u00e9koztat\u00f3 ad r\u00e9szletes t\u00e1j\u00e9koztat\u00e1st.<\/p><table><tbody><tr><td width=\"166\"><p><strong>Adatkezel\u00e9s c\u00e9lja<\/strong><\/p><\/td><td width=\"454\"><p>A honlap haszn\u00e1lat\u00e1nak \u00f6sszes\u00edtett elemz\u00e9se, a technikai hib\u00e1k \u00e9s keres\u00e9si teljes\u00edtm\u00e9ny vizsg\u00e1lata, a m\u00e9r\u00e9si \u00e9s c\u00edmkekezel\u00e9si be\u00e1ll\u00edt\u00e1sok m\u0171k\u00f6dtet\u00e9se.<\/p><\/td><\/tr><tr><td width=\"166\"><p><strong>Kezelt adatok<\/strong><\/p><\/td><td width=\"454\"><p>A szolg\u00e1ltat\u00e1s be\u00e1ll\u00edt\u00e1sait\u00f3l \u00e9s az \u00c9rintett hozz\u00e1j\u00e1rul\u00e1s\u00e1t\u00f3l f\u00fcgg\u0151en online azonos\u00edt\u00f3k, IP-c\u00edm vagy abb\u00f3l sz\u00e1rmaztatott helyadat, eszk\u00f6z- \u00e9s b\u00f6ng\u00e9sz\u0151adatok, l\u00e1togat\u00e1si \u00e9s interakci\u00f3s adatok, hivatkoz\u00f3 oldal, keres\u00e9si \u00e9s technikai teljes\u00edtm\u00e9nyadatok.<\/p><\/td><\/tr><tr><td width=\"166\"><p><strong>Jogalap<\/strong><\/p><\/td><td width=\"454\"><p>A nem felt\u00e9tlen\u00fcl sz\u00fcks\u00e9ges m\u00e9r\u00e9si \u00e9s statisztikai technol\u00f3gi\u00e1k eset\u00e9n a GDPR 6. cikk (1) bekezd\u00e9s a) pontja szerinti hozz\u00e1j\u00e1rul\u00e1s. A Search Console \u00e1ltal az Adatkezel\u0151 sz\u00e1m\u00e1ra biztos\u00edtott, szem\u00e9lyhez nem rendelt \u00f6sszes\u00edtett keres\u00e9si adatok kezel\u00e9se az Adatkezel\u0151 jogos \u00e9rdeke alapj\u00e1n t\u00f6rt\u00e9nhet.<\/p><\/td><\/tr><tr><td width=\"166\"><p><strong>Meg\u0151rz\u00e9si id\u0151<\/strong><\/p><\/td><td width=\"454\"><p>A k\u00fcl\u00f6n s\u00fcti t\u00e1j\u00e9koztat\u00f3ban \u00e9s a Google szolg\u00e1ltat\u00e1s be\u00e1ll\u00edt\u00e1saiban meghat\u00e1rozott id\u0151tartam.<\/p><\/td><\/tr><tr><td width=\"166\"><p><strong>Szolg\u00e1ltat\u00f3<\/strong><\/p><\/td><td width=\"454\"><p>Google Ireland Limited, Gordon House, Barrow Street, Dublin 4, \u00cdrorsz\u00e1g.<\/p><\/td><\/tr><\/tbody><\/table><h3><strong>4.10. Panaszkezel\u00e9s, jogi ig\u00e9nyek \u00e9s hat\u00f3s\u00e1gi megkeres\u00e9sek<\/strong><\/h3><table><tbody><tr><td width=\"166\"><p><strong>Adatkezel\u00e9s c\u00e9lja<\/strong><\/p><\/td><td width=\"454\"><p>Panaszok kivizsg\u00e1l\u00e1sa \u00e9s megv\u00e1laszol\u00e1sa, szerz\u0151d\u00e9ses vagy egy\u00e9b jogi ig\u00e9nyek el\u0151terjeszt\u00e9se, \u00e9rv\u00e9nyes\u00edt\u00e9se \u00e9s v\u00e9delme, hat\u00f3s\u00e1gi \u00e9s b\u00edr\u00f3s\u00e1gi megkeres\u00e9sek teljes\u00edt\u00e9se.<\/p><\/td><\/tr><tr><td width=\"166\"><p><strong>Kezelt adatok<\/strong><\/p><\/td><td width=\"454\"><p>N\u00e9v, el\u00e9rhet\u0151s\u00e9gek, szerz\u0151d\u00e9s- \u00e9s szolg\u00e1ltat\u00e1si adatok, a panasz vagy jogvita tartalma, bizony\u00edt\u00e9kok, levelez\u00e9s, nyilatkozatok, hat\u00f3s\u00e1gi vagy b\u00edr\u00f3s\u00e1gi iratok, valamint az \u00fcgy elb\u00edr\u00e1l\u00e1s\u00e1hoz sz\u00fcks\u00e9ges egy\u00e9b adatok.<\/p><\/td><\/tr><tr><td width=\"166\"><p><strong>Jogalap<\/strong><\/p><\/td><td width=\"454\"><p>A GDPR 6. cikk (1) bekezd\u00e9s c) pontja szerinti jogi k\u00f6telezetts\u00e9g, illetve a GDPR 6. cikk (1) bekezd\u00e9s f) pontja szerinti jogos \u00e9rdek: az Adatkezel\u0151 jogi ig\u00e9nyeinek el\u0151terjeszt\u00e9se, \u00e9rv\u00e9nyes\u00edt\u00e9se \u00e9s v\u00e9delme.<\/p><\/td><\/tr><tr><td width=\"166\"><p><strong>Meg\u0151rz\u00e9si id\u0151<\/strong><\/p><\/td><td width=\"454\"><p>A panasz vagy \u00fcgy lez\u00e1r\u00e1s\u00e1t\u00f3l sz\u00e1m\u00edtott 5 \u00e9v, illetve jogszab\u00e1lyban meghat\u00e1rozott hosszabb id\u0151; folyamatban l\u00e9v\u0151 elj\u00e1r\u00e1s eset\u00e9n annak joger\u0151s lez\u00e1r\u00e1s\u00e1ig.<\/p><\/td><\/tr><tr><td width=\"166\"><p><strong>C\u00edmzettek<\/strong><\/p><\/td><td width=\"454\"><p>Az Adatkezel\u0151 jogi k\u00e9pvisel\u0151je, szak\u00e9rt\u0151je, biztos\u00edt\u00f3ja, az elj\u00e1r\u00f3 hat\u00f3s\u00e1g vagy b\u00edr\u00f3s\u00e1g, tov\u00e1bb\u00e1 jogszab\u00e1ly alapj\u00e1n m\u00e1s jogosult szerv.<\/p><\/td><\/tr><\/tbody><\/table><h3><strong>4.11. Logisztikai partner ig\u00e9nybev\u00e9tele<\/strong><\/h3><p>Az Adatkezel\u0151 egyes szolg\u00e1ltat\u00e1sokhoz vagy eszk\u00f6z\u00f6k tov\u00e1bb\u00edt\u00e1s\u00e1hoz logisztikai partnert vehet ig\u00e9nybe. A partner pontos adatai \u00e9s az \u00e1tadott adatok k\u00f6re az al\u00e1bbi helyen ker\u00fcl felt\u00fcntet\u00e9sre.<\/p><table><tbody><tr><td width=\"166\"><p><strong>Logisztikai partner neve<\/strong><\/p><\/td><td width=\"454\"><p>[K\u00c9S\u0150BB KIT\u00d6LTEND\u0150]<\/p><\/td><\/tr><tr><td width=\"166\"><p><strong>Sz\u00e9khely<\/strong><\/p><\/td><td width=\"454\"><p>[K\u00c9S\u0150BB KIT\u00d6LTEND\u0150]<\/p><\/td><\/tr><tr><td width=\"166\"><p><strong>C\u00e9gjegyz\u00e9ksz\u00e1m \/ nyilv\u00e1ntart\u00e1si sz\u00e1m<\/strong><\/p><\/td><td width=\"454\"><p>[K\u00c9S\u0150BB KIT\u00d6LTEND\u0150]<\/p><\/td><\/tr><tr><td width=\"166\"><p><strong>Ad\u00f3sz\u00e1m<\/strong><\/p><\/td><td width=\"454\"><p>[K\u00c9S\u0150BB KIT\u00d6LTEND\u0150]<\/p><\/td><\/tr><tr><td width=\"166\"><p><strong>Szolg\u00e1ltat\u00e1s<\/strong><\/p><\/td><td width=\"454\"><p>Logisztikai partner.<\/p><\/td><\/tr><tr><td width=\"166\"><p><strong>Tov\u00e1bb\u00edtott szem\u00e9lyes adatok k\u00f6re<\/strong><\/p><\/td><td width=\"454\"><p>[K\u00c9S\u0150BB KIT\u00d6LTEND\u0150]<\/p><\/td><\/tr><tr><td width=\"166\"><p><strong>Adatkezel\u00e9s c\u00e9lja<\/strong><\/p><\/td><td width=\"454\"><p>[K\u00c9S\u0150BB KIT\u00d6LTEND\u0150 \u2013 a k\u00e9zbes\u00edt\u00e9s, sz\u00e1ll\u00edt\u00e1s vagy \u00e1tv\u00e9tel pontos c\u00e9lja]<\/p><\/td><\/tr><tr><td width=\"166\"><p><strong>Meg\u0151rz\u00e9si id\u0151<\/strong><\/p><\/td><td width=\"454\"><p>[K\u00c9S\u0150BB KIT\u00d6LTEND\u0150 \/ a partner saj\u00e1t jogszer\u0171 meg\u0151rz\u00e9si ideje]<\/p><\/td><\/tr><\/tbody><\/table><h2>5. ADATFELDOLGOZ\u00c1S, C\u00cdMZETTEK \u00c9S K\u00dcLS\u0150 SZOLG\u00c1LTAT\u00d3K<\/h2><p>Az Adatkezel\u0151 a szem\u00e9lyes adatok kezel\u00e9se sor\u00e1n az al\u00e1bbi adatfeldolgoz\u00f3kat \u00e9s k\u00fcls\u0151 szolg\u00e1ltat\u00f3kat veszi ig\u00e9nybe. Egyes platformszolg\u00e1ltat\u00f3k a saj\u00e1t szolg\u00e1ltat\u00e1suk keret\u00e9ben \u00f6n\u00e1ll\u00f3 vagy k\u00f6z\u00f6s adatkezel\u0151k\u00e9nt is elj\u00e1rhatnak. Az adatfeldolgoz\u00f3 kiz\u00e1r\u00f3lag az Adatkezel\u0151 utas\u00edt\u00e1sai alapj\u00e1n \u00e9s a szolg\u00e1ltat\u00e1s ny\u00fajt\u00e1s\u00e1hoz sz\u00fcks\u00e9ges m\u00e9rt\u00e9kben kezelhet szem\u00e9lyes adatot.<\/p><table><thead><tr><td width=\"121\"><p><strong>Szolg\u00e1ltat\u00f3<\/strong><\/p><\/td><td width=\"159\"><p><strong>Azonos\u00edt\u00f3 adatok<\/strong><\/p><\/td><td width=\"136\"><p><strong>Szerep \/ szolg\u00e1ltat\u00e1s<\/strong><\/p><\/td><td width=\"129\"><p><strong>\u00c9rintett adatk\u00f6r<\/strong><\/p><\/td><td width=\"121\"><p><strong>Adatkezel\u00e9s helye \/ garancia<\/strong><\/p><\/td><\/tr><\/thead><tbody><tr><td width=\"121\"><p>Hostinger International Ltd.<\/p><\/td><td width=\"159\"><p>61 Lordou Vironos Street, 6023 Larnaca, Ciprus; VAT: CY10301365E<\/p><\/td><td width=\"136\"><p>T\u00e1rhelyszolg\u00e1ltat\u00e1s, szerver\u00fczemeltet\u00e9s<\/p><\/td><td width=\"129\"><p>Honlap- \u00e9s szervernapl\u00f3k, \u0171rlapadatok, webes tartalmak<\/p><\/td><td width=\"121\"><p>Eur\u00f3pai Gazdas\u00e1gi T\u00e9rs\u00e9g<\/p><\/td><\/tr><tr><td width=\"121\"><p>Microsoft Ireland Operations Limited<\/p><\/td><td width=\"159\"><p>One Microsoft Place, South County Business Park, Leopardstown, Dublin 18, D18 P521, \u00cdrorsz\u00e1g<\/p><\/td><td width=\"136\"><p>E-mail, felh\u0151alap\u00fa irodai \u00e9s adatt\u00e1rol\u00e1si szolg\u00e1ltat\u00e1sok<\/p><\/td><td width=\"129\"><p>Kapcsolattart\u00e1si adatok, levelez\u00e9s, dokumentumok<\/p><\/td><td width=\"121\"><p>EGT; a szolg\u00e1ltat\u00f3 al-adatfeldolgoz\u00f3i eset\u00e9n megfelel\u0151 adattov\u00e1bb\u00edt\u00e1si garanci\u00e1k<\/p><\/td><\/tr><tr><td width=\"121\"><p>Google Ireland Limited<\/p><\/td><td width=\"159\"><p>Gordon House, Barrow Street, Dublin 4, \u00cdrorsz\u00e1g<\/p><\/td><td width=\"136\"><p>Analytics, Search Console, Tag Manager, reCAPTCHA v3<\/p><\/td><td width=\"129\"><p>Online azonos\u00edt\u00f3k, technikai, biztons\u00e1gi \u00e9s l\u00e1togat\u00e1si adatok<\/p><\/td><td width=\"121\"><p>EGT; adott esetben EGT-n k\u00edv\u00fcli adattov\u00e1bb\u00edt\u00e1s megfelel\u0151 garanci\u00e1kkal<\/p><\/td><\/tr><tr><td width=\"121\"><p>KBOSS.hu Kft.<\/p><\/td><td width=\"159\"><p>1031 Budapest, Z\u00e1hony utca 7.; c\u00e9gjegyz\u00e9ksz\u00e1m: 01-09-303201; ad\u00f3sz\u00e1m: 13421739-2-41<\/p><\/td><td width=\"136\"><p>Sz\u00e1ml\u00e1zz.hu online sz\u00e1ml\u00e1z\u00e1si szolg\u00e1ltat\u00e1s<\/p><\/td><td width=\"129\"><p>Sz\u00e1ml\u00e1z\u00e1si, \u00fcgyf\u00e9l- \u00e9s bizonylati adatok<\/p><\/td><td width=\"121\"><p>Magyarorsz\u00e1g \/ EGT<\/p><\/td><\/tr><tr><td width=\"121\"><p>Temarketinged Kft.<\/p><\/td><td width=\"159\"><p>4024 Debrecen, Wessel\u00e9nyi utca 1.; c\u00e9gjegyz\u00e9ksz\u00e1m: 09-09-034197; ad\u00f3sz\u00e1m: 32037704-2-09<\/p><\/td><td width=\"136\"><p>Informatikai, adatv\u00e9delmi \u00e9s marketing partner<\/p><\/td><td width=\"129\"><p>A szolg\u00e1ltat\u00e1sokhoz sz\u00fcks\u00e9ges webes, kapcsolattart\u00e1si, technikai \u00e9s marketingadatok<\/p><\/td><td width=\"121\"><p>Magyarorsz\u00e1g \/ EGT<\/p><\/td><\/tr><tr><td width=\"121\"><p>Meta Platforms Ireland Limited<\/p><\/td><td width=\"159\"><p>Merrion Road, Dublin 4, D04 X2K5, \u00cdrorsz\u00e1g<\/p><\/td><td width=\"136\"><p>Facebook oldal \u00e9s kapcsol\u00f3d\u00f3 platformfunkci\u00f3k<\/p><\/td><td width=\"129\"><p>Profil-, interakci\u00f3s, \u00fczenet- \u00e9s statisztikai adatok<\/p><\/td><td width=\"121\"><p>\u00d6n\u00e1ll\u00f3\/k\u00f6z\u00f6s adatkezel\u0151; saj\u00e1t t\u00e1j\u00e9koztat\u00f3ja szerint<\/p><\/td><\/tr><tr><td width=\"121\"><p>LinkedIn Ireland Unlimited Company<\/p><\/td><td width=\"159\"><p>Wilton Plaza, Wilton Place, Dublin 2, D02 AD98, \u00cdrorsz\u00e1g<\/p><\/td><td width=\"136\"><p>LinkedIn oldal \u00e9s kapcsol\u00f3d\u00f3 platformfunkci\u00f3k<\/p><\/td><td width=\"129\"><p>Profil-, interakci\u00f3s, \u00fczenet- \u00e9s statisztikai adatok<\/p><\/td><td width=\"121\"><p>\u00d6n\u00e1ll\u00f3\/k\u00f6z\u00f6s adatkezel\u0151; saj\u00e1t t\u00e1j\u00e9koztat\u00f3ja szerint<\/p><\/td><\/tr><tr><td width=\"121\"><p>X Internet Unlimited Company<\/p><\/td><td width=\"159\"><p>One Cumberland Place, Fenian Street, Dublin 2, D02 AX07, \u00cdrorsz\u00e1g<\/p><\/td><td width=\"136\"><p>X oldal \u00e9s kapcsol\u00f3d\u00f3 platformfunkci\u00f3k<\/p><\/td><td width=\"129\"><p>Profil-, interakci\u00f3s, \u00fczenet- \u00e9s statisztikai adatok<\/p><\/td><td width=\"121\"><p>\u00d6n\u00e1ll\u00f3 adatkezel\u0151; saj\u00e1t t\u00e1j\u00e9koztat\u00f3ja szerint<\/p><\/td><\/tr><tr><td width=\"121\"><p>Viber Media S.\u00e0 r.l.<\/p><\/td><td width=\"159\"><p>2 rue du Foss\u00e9, L-1536 Luxembourg, Luxemburg<\/p><\/td><td width=\"136\"><p>Viber kommunik\u00e1ci\u00f3s szolg\u00e1ltat\u00e1s<\/p><\/td><td width=\"129\"><p>Telefonsz\u00e1m, profil- \u00e9s \u00fczenetadatok<\/p><\/td><td width=\"121\"><p>\u00d6n\u00e1ll\u00f3 adatkezel\u0151; saj\u00e1t t\u00e1j\u00e9koztat\u00f3ja szerint<\/p><\/td><\/tr><tr><td width=\"121\"><p>[K\u00c9S\u0150BB KIT\u00d6LTEND\u0150 \u2013 k\u00f6nyvel\u0151]<\/p><\/td><td width=\"159\"><p>[K\u00c9S\u0150BB KIT\u00d6LTEND\u0150]<\/p><\/td><td width=\"136\"><p>K\u00f6nyvel\u00e9s; hozz\u00e1f\u00e9r\u00e9s a Sz\u00e1ml\u00e1zz.hu rendszerhez<\/p><\/td><td width=\"129\"><p>Sz\u00e1ml\u00e1z\u00e1si, p\u00e9nz\u00fcgyi \u00e9s \u00fcgyf\u00e9ladatok<\/p><\/td><td width=\"121\"><p>[K\u00c9S\u0150BB KIT\u00d6LTEND\u0150]<\/p><\/td><\/tr><tr><td width=\"121\"><p>[K\u00c9S\u0150BB KIT\u00d6LTEND\u0150 \u2013 logisztikai partner]<\/p><\/td><td width=\"159\"><p>[K\u00c9S\u0150BB KIT\u00d6LTEND\u0150]<\/p><\/td><td width=\"136\"><p>Logisztikai partner<\/p><\/td><td width=\"129\"><p>[K\u00c9S\u0150BB KIT\u00d6LTEND\u0150]<\/p><\/td><td width=\"121\"><p>[K\u00c9S\u0150BB KIT\u00d6LTEND\u0150]<\/p><\/td><\/tr><\/tbody><\/table><p>A WordPress az Adatkezel\u0151 saj\u00e1t t\u00e1rhely\u00e9n m\u0171k\u00f6d\u0151 tartalomkezel\u0151 rendszerk\u00e9nt haszn\u00e1lhat\u00f3; \u00f6nmag\u00e1ban a szoftver haszn\u00e1lata nem jelent k\u00fcl\u00f6n adattov\u00e1bb\u00edt\u00e1st a WordPress vagy az Automattic r\u00e9sz\u00e9re, kiv\u00e9ve, ha az Adatkezel\u0151 k\u00fcl\u00f6n k\u00fcls\u0151 WordPress-szolg\u00e1ltat\u00e1st vagy b\u0151v\u00edtm\u00e9nyt vesz ig\u00e9nybe.<\/p><p>Az EGT-n k\u00edv\u00fclre t\u00f6rt\u00e9n\u0151 adattov\u00e1bb\u00edt\u00e1s eset\u00e9n az Adatkezel\u0151 vagy az \u00e9rintett szolg\u00e1ltat\u00f3 a GDPR V. fejezet\u00e9ben meghat\u00e1rozott megfelel\u0151 garanci\u00e1t alkalmazza, \u00edgy k\u00fcl\u00f6n\u00f6sen megfelel\u0151s\u00e9gi hat\u00e1rozatot, \u00e1ltal\u00e1nos szerz\u0151d\u00e9si felt\u00e9teleket vagy m\u00e1s, jogszer\u0171 adattov\u00e1bb\u00edt\u00e1si eszk\u00f6zt. A szolg\u00e1ltat\u00f3k aktu\u00e1lis al-adatfeldolgoz\u00f3i \u00e9s adattov\u00e1bb\u00edt\u00e1si felt\u00e9telei a saj\u00e1t adatv\u00e9delmi dokumentumaikban \u00e9rhet\u0151k el.<\/p><h2>6. AZ \u00c9RINTETT JOGAI<\/h2><p>Az \u00c9rintett:<\/p><ul><li>k\u00e9relmezheti a r\u00e1 vonatkoz\u00f3 szem\u00e9lyes adatokkal kapcsolatos adatkezel\u00e9sr\u0151l val\u00f3 t\u00e1j\u00e9koztat\u00e1st, valamint az ezen szem\u00e9lyes adatokhoz val\u00f3 hozz\u00e1f\u00e9r\u00e9st;<\/li><li>k\u00e9relmezheti szem\u00e9lyes adatainak helyesb\u00edt\u00e9s\u00e9t;<\/li><li>a jogszab\u00e1lyban meghat\u00e1rozott felt\u00e9telekkel k\u00e9relmezheti szem\u00e9lyes adatainak t\u00f6rl\u00e9s\u00e9t;<\/li><li>k\u00e9relmezheti a szem\u00e9lyes adatok kezel\u00e9s\u00e9nek korl\u00e1toz\u00e1s\u00e1t;<\/li><li>a jogos \u00e9rdeken alapul\u00f3 adatkezel\u00e9s ellen tiltakozhat;<\/li><li>a jogszab\u00e1lyi felt\u00e9telek fenn\u00e1ll\u00e1sa eset\u00e9n gyakorolhatja az adathordozhat\u00f3s\u00e1ghoz val\u00f3 jog\u00e1t;<\/li><li>hozz\u00e1j\u00e1rul\u00e1son alapul\u00f3 adatkezel\u00e9s eset\u00e9n a hozz\u00e1j\u00e1rul\u00e1s\u00e1t b\u00e1rmikor visszavonhatja;<\/li><li>jogorvoslattal \u00e9lhet, panaszt ny\u00fajthat be a NAIH-hoz vagy b\u00edr\u00f3s\u00e1ghoz fordulhat.<\/li><\/ul><h2>7. AZ \u00c9RINTETTEK ADATKEZEL\u00c9SSEL KAPCSOLATBAN \u00c9RV\u00c9NYES\u00cdTHET\u0150 JOGAI<\/h2><p>Az Adatkezel\u0151 biztos\u00edtja, hogy az al\u00e1bbiak szerint \u00e9rv\u00e9nyes\u00fcljenek az \u00c9rintettek jogai.<\/p><p>Az Adatkezel\u0151 lehet\u0151s\u00e9get biztos\u00edt az \u00c9rintett sz\u00e1m\u00e1ra, hogy az \u00e9rintetti jogai gyakorl\u00e1s\u00e1val kapcsolatos k\u00e9relm\u00e9t postai \u00faton, e-mail \u00fatj\u00e1n vagy telefonon el\u0151terjessze az al\u00e1bbi el\u00e9rhet\u0151s\u00e9geken:<\/p><table><tbody><tr><td width=\"166\"><p><strong>Telefon<\/strong><\/p><\/td><td width=\"454\"><p>+36 20 425 8332<\/p><\/td><\/tr><tr><td width=\"166\"><p><strong>E-mail<\/strong><\/p><\/td><td width=\"454\"><p>sinko.tibor@solarware.hu<\/p><\/td><\/tr><tr><td width=\"166\"><p><strong>Levelez\u00e9si c\u00edm<\/strong><\/p><\/td><td width=\"454\"><p>1173 Budapest, Pesti \u00fat 17.<\/p><\/td><\/tr><\/tbody><\/table><p>Az Adatkezel\u0151 az \u00c9rintett k\u00e9relm\u00e9r\u0151l indokolatlan k\u00e9sedelem n\u00e9lk\u00fcl, de mindenf\u00e9lek\u00e9ppen a k\u00e9relem be\u00e9rkez\u00e9s\u00e9t\u0151l sz\u00e1m\u00edtott egy h\u00f3napon bel\u00fcl t\u00e1j\u00e9koztat\u00e1st ad. Sz\u00fcks\u00e9g eset\u00e9n, figyelembe v\u00e9ve a k\u00e9relem \u00f6sszetetts\u00e9g\u00e9t \u00e9s a k\u00e9relmek sz\u00e1m\u00e1t, ez a hat\u00e1rid\u0151 tov\u00e1bbi k\u00e9t h\u00f3nappal meghosszabb\u00edthat\u00f3. A hat\u00e1rid\u0151 meghosszabb\u00edt\u00e1s\u00e1r\u00f3l az Adatkezel\u0151 a k\u00e9sedelem okainak megjel\u00f6l\u00e9s\u00e9vel a k\u00e9relem k\u00e9zhezv\u00e9tel\u00e9t\u0151l sz\u00e1m\u00edtott egy h\u00f3napon bel\u00fcl t\u00e1j\u00e9koztatja az \u00c9rintettet.<\/p><p>Ha az Adatkezel\u0151 nem tesz int\u00e9zked\u00e9st az \u00c9rintett k\u00e9relme nyom\u00e1n, k\u00e9sedelem n\u00e9lk\u00fcl, de legk\u00e9s\u0151bb a k\u00e9relem be\u00e9rkez\u00e9s\u00e9t\u0151l sz\u00e1m\u00edtott egy h\u00f3napon bel\u00fcl t\u00e1j\u00e9koztatja az \u00c9rintettet az int\u00e9zked\u00e9s elmarad\u00e1s\u00e1nak okair\u00f3l, valamint arr\u00f3l, hogy az \u00c9rintett panaszt ny\u00fajthat be valamely fel\u00fcgyeleti hat\u00f3s\u00e1gn\u00e1l \u00e9s \u00e9lhet b\u00edr\u00f3s\u00e1gi jogorvoslati jog\u00e1val.<\/p><p>Az Adatkezel\u0151 az \u00c9rintett k\u00e9relm\u00e9t f\u0151szab\u00e1ly szerint elektronikus \u00faton teljes\u00edti, ha a k\u00e9relmet elektronikus \u00faton ny\u00fajtott\u00e1k be, kiv\u00e9ve, ha az \u00c9rintett m\u00e1sk\u00e9nt k\u00e9ri. Telefonos t\u00e1j\u00e9koztat\u00e1s kiz\u00e1r\u00f3lag akkor adhat\u00f3, ha az \u00c9rintett szem\u00e9lyazonoss\u00e1ga m\u00e1s m\u00f3don megfelel\u0151en igazolhat\u00f3.<\/p><p>Az \u00e9rintetti jogok gyakorl\u00e1s\u00e1hoz kapcsol\u00f3d\u00f3 t\u00e1j\u00e9koztat\u00e1s \u00e9s int\u00e9zked\u00e9s d\u00edjmentes. Ha az \u00c9rintett k\u00e9relme egy\u00e9rtelm\u0171en megalapozatlan vagy \u2013 k\u00fcl\u00f6n\u00f6sen ism\u00e9tl\u0151d\u0151 jellege miatt \u2013 t\u00falz\u00f3, az Adatkezel\u0151 az adminisztrat\u00edv k\u00f6lts\u00e9gekre figyelemmel \u00e9szszer\u0171 \u00f6sszeg\u0171 d\u00edjat sz\u00e1m\u00edthat fel, vagy megtagadhatja a k\u00e9relem alapj\u00e1n t\u00f6rt\u00e9n\u0151 int\u00e9zked\u00e9st. A k\u00e9relem megalapozatlans\u00e1g\u00e1nak vagy t\u00falz\u00f3 jelleg\u00e9nek bizony\u00edt\u00e1sa az Adatkezel\u0151t terheli.<\/p><p>Ha az Adatkezel\u0151nek megalapozott k\u00e9ts\u00e9gei vannak a k\u00e9relmet beny\u00fajt\u00f3 term\u00e9szetes szem\u00e9ly kil\u00e9t\u00e9vel kapcsolatban, az \u00c9rintett szem\u00e9lyazonoss\u00e1g\u00e1nak meger\u0151s\u00edt\u00e9s\u00e9hez sz\u00fcks\u00e9ges tov\u00e1bbi inform\u00e1ci\u00f3k ny\u00fajt\u00e1s\u00e1t k\u00e9rheti.<\/p><h3><strong>7.1. T\u00e1j\u00e9koztat\u00e1shoz \u00e9s hozz\u00e1f\u00e9r\u00e9shez val\u00f3 jog<\/strong><\/h3><p>Az Adatkezel\u0151 az \u00c9rintett k\u00e9relm\u00e9re t\u00f6m\u00f6r, \u00e1tl\u00e1that\u00f3, \u00e9rthet\u0151 \u00e9s k\u00f6nnyen hozz\u00e1f\u00e9rhet\u0151 m\u00f3don, vil\u00e1gosan \u00e9s k\u00f6z\u00e9rthet\u0151en megfogalmazva t\u00e1j\u00e9koztat\u00e1st ny\u00fajt arr\u00f3l, hogy szem\u00e9lyes adatainak kezel\u00e9se folyamatban van-e. Ha ilyen adatkezel\u00e9s folyamatban van, az \u00c9rintett jogosult arra, hogy hozz\u00e1f\u00e9r\u00e9st kapjon a szem\u00e9lyes adatokhoz \u00e9s a k\u00f6vetkez\u0151 inform\u00e1ci\u00f3khoz:<\/p><ul><li>az adatkezel\u00e9s c\u00e9ljai;<\/li><li>az \u00e9rintett szem\u00e9lyes adatok kateg\u00f3ri\u00e1i;<\/li><li>azon c\u00edmzettek vagy c\u00edmzettek kateg\u00f3ri\u00e1i, akikkel, illetve amelyekkel a szem\u00e9lyes adatokat k\u00f6z\u00f6lt\u00e9k vagy k\u00f6z\u00f6lni fogj\u00e1k, ide\u00e9rtve k\u00fcl\u00f6n\u00f6sen a harmadik orsz\u00e1gbeli c\u00edmzetteket;<\/li><li>adott esetben a szem\u00e9lyes adatok t\u00e1rol\u00e1s\u00e1nak tervezett id\u0151tartama, vagy ha ez nem lehets\u00e9ges, ezen id\u0151tartam meghat\u00e1roz\u00e1s\u00e1nak szempontjai;<\/li><li>az \u00c9rintett helyesb\u00edt\u00e9shez, t\u00f6rl\u00e9shez, korl\u00e1toz\u00e1shoz \u00e9s tiltakoz\u00e1shoz val\u00f3 joga;<\/li><li>a fel\u00fcgyeleti hat\u00f3s\u00e1ghoz c\u00edmzett panasz beny\u00fajt\u00e1s\u00e1nak joga;<\/li><li>ha az adatokat nem az \u00c9rintett\u0151l gy\u0171jt\u00f6tt\u00e9k, a forr\u00e1sukra vonatkoz\u00f3 minden el\u00e9rhet\u0151 inform\u00e1ci\u00f3;<\/li><li>automatiz\u00e1lt d\u00f6nt\u00e9shozatal t\u00e9nye \u00e9s annak l\u00e9nyeges inform\u00e1ci\u00f3i, ha ilyen adatkezel\u00e9s t\u00f6rt\u00e9nne;<\/li><li>harmadik orsz\u00e1gba vagy nemzetk\u00f6zi szervezet r\u00e9sz\u00e9re t\u00f6rt\u00e9n\u0151 adattov\u00e1bb\u00edt\u00e1s eset\u00e9n az alkalmazott megfelel\u0151 garanci\u00e1k.<\/li><\/ul><p>Az Adatkezel\u0151 az adatkezel\u00e9s t\u00e1rgy\u00e1t k\u00e9pez\u0151 szem\u00e9lyes adatok m\u00e1solat\u00e1t az \u00c9rintett rendelkez\u00e9s\u00e9re bocs\u00e1tja. Az \u00c9rintett \u00e1ltal k\u00e9rt tov\u00e1bbi m\u00e1solatok\u00e9rt az Adatkezel\u0151 az adminisztrat\u00edv k\u00f6lts\u00e9geken alapul\u00f3 \u00e9szszer\u0171 d\u00edjat sz\u00e1m\u00edthat fel. A m\u00e1solat ig\u00e9nyl\u00e9s\u00e9hez val\u00f3 jog nem \u00e9rintheti h\u00e1tr\u00e1nyosan m\u00e1sok jogait \u00e9s szabads\u00e1gait.<\/p><h3>7.2. Helyesb\u00edt\u00e9shez val\u00f3 jog<\/h3><p>Az Adatkezel\u0151 az \u00c9rintett k\u00e9r\u00e9s\u00e9re indokolatlan k\u00e9sedelem n\u00e9lk\u00fcl helyesb\u00edti az \u00c9rintettre vonatkoz\u00f3 pontatlan szem\u00e9lyes adatokat. Figyelembe v\u00e9ve az adatkezel\u00e9s c\u00e9lj\u00e1t, az \u00c9rintett jogosult arra, hogy k\u00e9rje a hi\u00e1nyos szem\u00e9lyes adatok kieg\u00e9sz\u00edt\u00e9s\u00e9t.<\/p><p>Az Adatkezel\u0151 minden olyan c\u00edmzettet t\u00e1j\u00e9koztat a helyesb\u00edt\u00e9sr\u0151l, akivel vagy amellyel a szem\u00e9lyes adatot k\u00f6z\u00f6lte, kiv\u00e9ve, ha ez lehetetlennek bizonyul vagy ar\u00e1nytalanul nagy er\u0151fesz\u00edt\u00e9st ig\u00e9nyel. Az \u00c9rintettet k\u00e9r\u00e9s\u00e9re az Adatkezel\u0151 t\u00e1j\u00e9koztatja e c\u00edmzettekr\u0151l.<\/p><h3><strong>7.3. T\u00f6rl\u00e9shez (\u201eelfeledtet\u00e9shez\u201d) val\u00f3 jog<\/strong><\/h3><p>Az \u00c9rintett k\u00e9r\u00e9s\u00e9re az Adatkezel\u0151 indokolatlan k\u00e9sedelem n\u00e9lk\u00fcl t\u00f6rli az \u00c9rintettre vonatkoz\u00f3 szem\u00e9lyes adatokat, ha az al\u00e1bbi indokok valamelyike fenn\u00e1ll:<\/p><ul><li>a szem\u00e9lyes adatokra m\u00e1r nincs sz\u00fcks\u00e9g abb\u00f3l a c\u00e9lb\u00f3l, amelyb\u0151l azokat gy\u0171jt\u00f6tt\u00e9k vagy m\u00e1s m\u00f3don kezelt\u00e9k;<\/li><li>az \u00c9rintett visszavonja a hozz\u00e1j\u00e1rul\u00e1s\u00e1t, \u00e9s az adatkezel\u00e9snek nincs m\u00e1s jogalapja;<\/li><li>az \u00c9rintett tiltakozik az adatkezel\u00e9s ellen, \u00e9s nincs els\u0151bbs\u00e9get \u00e9lvez\u0151 jogszer\u0171 ok az adatkezel\u00e9sre, vagy az \u00c9rintett k\u00f6zvetlen \u00fczletszerz\u00e9si c\u00e9l\u00fa adatkezel\u00e9s ellen tiltakozik;<\/li><li>a szem\u00e9lyes adatokat jogellenesen kezelt\u00e9k;<\/li><li>a szem\u00e9lyes adatokat az Adatkezel\u0151re alkalmazand\u00f3 uni\u00f3s vagy tag\u00e1llami jogban el\u0151\u00edrt jogi k\u00f6telezetts\u00e9g teljes\u00edt\u00e9s\u00e9hez t\u00f6r\u00f6lni kell;<\/li><li>a szem\u00e9lyes adatok gy\u0171jt\u00e9s\u00e9re a GDPR 8. cikk\u00e9ben eml\u00edtett, inform\u00e1ci\u00f3s t\u00e1rsadalommal \u00f6sszef\u00fcgg\u0151 szolg\u00e1ltat\u00e1sok k\u00edn\u00e1l\u00e1s\u00e1val kapcsolatban ker\u00fclt sor.<\/li><\/ul><p>A t\u00f6rl\u00e9shez val\u00f3 jog nem alkalmazhat\u00f3, amennyiben az adatkezel\u00e9s sz\u00fcks\u00e9ges a v\u00e9lem\u00e9nynyilv\u00e1n\u00edt\u00e1s szabads\u00e1g\u00e1hoz \u00e9s a t\u00e1j\u00e9koz\u00f3d\u00e1shoz val\u00f3 jog gyakorl\u00e1s\u00e1hoz; jogi k\u00f6telezetts\u00e9g teljes\u00edt\u00e9s\u00e9hez; k\u00f6z\u00e9rdek\u0171 archiv\u00e1l\u00e1si, tudom\u00e1nyos vagy t\u00f6rt\u00e9nelmi kutat\u00e1si, illetve statisztikai c\u00e9lb\u00f3l a GDPR-ban meghat\u00e1rozott felt\u00e9telekkel; vagy jogi ig\u00e9nyek el\u0151terjeszt\u00e9s\u00e9hez, \u00e9rv\u00e9nyes\u00edt\u00e9s\u00e9hez, illetve v\u00e9delm\u00e9hez.<\/p><p>Az Adatkezel\u0151 minden olyan c\u00edmzettet t\u00e1j\u00e9koztat a t\u00f6rl\u00e9sr\u0151l, akivel vagy amellyel a szem\u00e9lyes adatot k\u00f6z\u00f6lte, kiv\u00e9ve, ha ez lehetetlennek bizonyul vagy ar\u00e1nytalanul nagy er\u0151fesz\u00edt\u00e9st ig\u00e9nyel. Az \u00c9rintettet k\u00e9r\u00e9s\u00e9re az Adatkezel\u0151 t\u00e1j\u00e9koztatja e c\u00edmzettekr\u0151l.<\/p><h3><strong>7.4. Adatkezel\u00e9s korl\u00e1toz\u00e1s\u00e1hoz val\u00f3 jog<\/strong><\/h3><p>Az \u00c9rintett k\u00e9r\u00e9s\u00e9re az Adatkezel\u0151 korl\u00e1tozza az adatkezel\u00e9st, ha az al\u00e1bbiak valamelyike teljes\u00fcl:<\/p><ul><li>az \u00c9rintett vitatja a szem\u00e9lyes adatok pontoss\u00e1g\u00e1t \u2013 ez esetben a korl\u00e1toz\u00e1s arra az id\u0151tartamra vonatkozik, amely lehet\u0151v\u00e9 teszi, hogy az Adatkezel\u0151 ellen\u0151rizze a szem\u00e9lyes adatok pontoss\u00e1g\u00e1t;<\/li><li>az adatkezel\u00e9s jogellenes, de az \u00c9rintett ellenzi az adatok t\u00f6rl\u00e9s\u00e9t, \u00e9s ehelyett k\u00e9ri azok felhaszn\u00e1l\u00e1s\u00e1nak korl\u00e1toz\u00e1s\u00e1t;<\/li><li>az Adatkezel\u0151nek m\u00e1r nincs sz\u00fcks\u00e9ge a szem\u00e9lyes adatokra adatkezel\u00e9s c\u00e9lj\u00e1b\u00f3l, de az \u00c9rintett ig\u00e9nyli azokat jogi ig\u00e9nyek el\u0151terjeszt\u00e9s\u00e9hez, \u00e9rv\u00e9nyes\u00edt\u00e9s\u00e9hez vagy v\u00e9delm\u00e9hez;<\/li><li>az \u00c9rintett tiltakozott az adatkezel\u00e9s ellen \u2013 ez esetben a korl\u00e1toz\u00e1s arra az id\u0151tartamra vonatkozik, am\u00edg meg\u00e1llap\u00edt\u00e1sra nem ker\u00fcl, hogy az Adatkezel\u0151 jogos indokai els\u0151bbs\u00e9get \u00e9lveznek-e az \u00c9rintett jogos indokaival szemben.<\/li><\/ul><p>Ha az adatkezel\u00e9s korl\u00e1toz\u00e1s al\u00e1 esik, a szem\u00e9lyes adatokat a t\u00e1rol\u00e1s kiv\u00e9tel\u00e9vel csak az \u00c9rintett hozz\u00e1j\u00e1rul\u00e1s\u00e1val, jogi ig\u00e9nyek el\u0151terjeszt\u00e9s\u00e9hez, \u00e9rv\u00e9nyes\u00edt\u00e9s\u00e9hez vagy v\u00e9delm\u00e9hez, m\u00e1s term\u00e9szetes vagy jogi szem\u00e9ly jogainak v\u00e9delme \u00e9rdek\u00e9ben, vagy az Eur\u00f3pai Uni\u00f3, illetve valamely tag\u00e1llam fontos k\u00f6z\u00e9rdek\u00e9b\u0151l lehet kezelni.<\/p><p>Az Adatkezel\u0151 az \u00c9rintettet az adatkezel\u00e9s korl\u00e1toz\u00e1s\u00e1nak felold\u00e1s\u00e1r\u00f3l el\u0151zetesen t\u00e1j\u00e9koztatja. Az Adatkezel\u0151 minden olyan c\u00edmzettet t\u00e1j\u00e9koztat a korl\u00e1toz\u00e1sr\u00f3l, akivel vagy amellyel a szem\u00e9lyes adatot k\u00f6z\u00f6lte, kiv\u00e9ve, ha ez lehetetlennek bizonyul vagy ar\u00e1nytalanul nagy er\u0151fesz\u00edt\u00e9st ig\u00e9nyel.<\/p><h3><strong>7.5. Adathordozhat\u00f3s\u00e1ghoz val\u00f3 jog<\/strong><\/h3><p>Az \u00c9rintett jogosult arra, hogy a r\u00e1 vonatkoz\u00f3, \u00e1ltala az Adatkezel\u0151 rendelkez\u00e9s\u00e9re bocs\u00e1tott szem\u00e9lyes adatokat tagolt, sz\u00e9les k\u00f6rben haszn\u00e1lt, g\u00e9ppel olvashat\u00f3 form\u00e1tumban megkapja, \u00e9s ezeket az adatokat egy m\u00e1sik adatkezel\u0151nek tov\u00e1bb\u00edtsa, ha az adatkezel\u00e9s hozz\u00e1j\u00e1rul\u00e1son vagy szerz\u0151d\u00e9sen alapul, \u00e9s az adatkezel\u00e9s automatiz\u00e1lt m\u00f3don t\u00f6rt\u00e9nik.<\/p><p>Az \u00c9rintett k\u00e9rheti a szem\u00e9lyes adatok adatkezel\u0151k k\u00f6z\u00f6tti k\u00f6zvetlen tov\u00e1bb\u00edt\u00e1s\u00e1t, ha ez technikailag megval\u00f3s\u00edthat\u00f3. E jog gyakorl\u00e1sa nem s\u00e9rtheti a t\u00f6rl\u00e9shez val\u00f3 jogra vonatkoz\u00f3 szab\u00e1lyokat, \u00e9s nem \u00e9rintheti h\u00e1tr\u00e1nyosan m\u00e1sok jogait \u00e9s szabads\u00e1gait.<\/p><h3><strong>7.6. Tiltakoz\u00e1shoz val\u00f3 jog<\/strong><\/h3><p>Az \u00c9rintett jogosult arra, hogy saj\u00e1t helyzet\u00e9vel kapcsolatos okokb\u00f3l b\u00e1rmikor tiltakozzon a GDPR 6. cikk (1) bekezd\u00e9s e) vagy f) pontj\u00e1n alapul\u00f3 adatkezel\u00e9s ellen. Ebben az esetben az Adatkezel\u0151 a szem\u00e9lyes adatokat nem kezelheti tov\u00e1bb, kiv\u00e9ve, ha bizony\u00edtja, hogy az adatkezel\u00e9st olyan k\u00e9nyszer\u00edt\u0151 erej\u0171 jogos okok indokolj\u00e1k, amelyek els\u0151bbs\u00e9get \u00e9lveznek az \u00c9rintett \u00e9rdekeivel, jogaival \u00e9s szabads\u00e1gaival szemben, vagy amelyek jogi ig\u00e9nyek el\u0151terjeszt\u00e9s\u00e9hez, \u00e9rv\u00e9nyes\u00edt\u00e9s\u00e9hez vagy v\u00e9delm\u00e9hez kapcsol\u00f3dnak.<\/p><p>Ha a szem\u00e9lyes adatok kezel\u00e9se k\u00f6zvetlen \u00fczletszerz\u00e9s \u00e9rdek\u00e9ben t\u00f6rt\u00e9nne, az \u00c9rintett jogosult b\u00e1rmikor tiltakozni az e c\u00e9lb\u00f3l t\u00f6rt\u00e9n\u0151 adatkezel\u00e9s ellen. Tiltakoz\u00e1s eset\u00e9n a szem\u00e9lyes adatok e c\u00e9lb\u00f3l tov\u00e1bb nem kezelhet\u0151k.<\/p><h3>7.7. Hozz\u00e1j\u00e1rul\u00e1s visszavon\u00e1s\u00e1hoz val\u00f3 jog<\/h3><p>Ha az adatkezel\u00e9s az \u00c9rintett hozz\u00e1j\u00e1rul\u00e1s\u00e1n alapul, az \u00c9rintett jogosult a hozz\u00e1j\u00e1rul\u00e1s\u00e1t b\u00e1rmikor visszavonni. A visszavon\u00e1s nem \u00e9rinti a hozz\u00e1j\u00e1rul\u00e1son alapul\u00f3, a visszavon\u00e1s el\u0151tt v\u00e9gzett adatkezel\u00e9s jogszer\u0171s\u00e9g\u00e9t.<\/p><h3>7.8. Automatiz\u00e1lt d\u00f6nt\u00e9shozatal<\/h3><p>Az Adatkezel\u0151 nem alkalmaz kiz\u00e1r\u00f3lag automatiz\u00e1lt adatkezel\u00e9sen \u2013 ide\u00e9rtve a profilalkot\u00e1st is \u2013 alapul\u00f3 olyan d\u00f6nt\u00e9st, amely az \u00c9rintettre n\u00e9zve joghat\u00e1ssal j\u00e1rna vagy \u0151t hasonl\u00f3k\u00e9ppen jelent\u0151s m\u00e9rt\u00e9kben \u00e9rinten\u00e9.<\/p><h3><strong>7.9. Jogorvoslathoz val\u00f3 jog<\/strong><\/h3><p>Amennyiben az \u00c9rintett \u00fagy v\u00e9li, hogy az Adatkezel\u0151 az adatkezel\u00e9se sor\u00e1n megs\u00e9rtette a szem\u00e9lyes adatok v\u00e9delm\u00e9hez val\u00f3 jog\u00e1t, panasszal \u00e9lhet a NAIH-n\u00e1l, vagy b\u00edr\u00f3s\u00e1ghoz fordulhat. Az \u00c9rintett jogosult tov\u00e1bb\u00e1 arra, hogy hat\u00e9kony b\u00edr\u00f3s\u00e1gi jogorvoslatot vegyen ig\u00e9nybe a fel\u00fcgyeleti hat\u00f3s\u00e1g r\u00e1 vonatkoz\u00f3, jogilag k\u00f6telez\u0151 erej\u0171 d\u00f6nt\u00e9s\u00e9vel szemben, illetve akkor, ha a fel\u00fcgyeleti hat\u00f3s\u00e1g nem foglalkozik a panasszal vagy h\u00e1rom h\u00f3napon bel\u00fcl nem t\u00e1j\u00e9koztatja a panasszal kapcsolatos elj\u00e1r\u00e1si fejlem\u00e9nyekr\u0151l vagy eredm\u00e9nyr\u0151l.<\/p><h2>8. ADATBIZTONS\u00c1GI INT\u00c9ZKED\u00c9SEK<\/h2><p>Az Adatkezel\u0151 gondoskodik az adatok biztons\u00e1g\u00e1r\u00f3l. Az Adatkezel\u0151 az adatkezel\u00e9s kock\u00e1zat\u00e1hoz igazod\u00f3 technikai \u00e9s szervez\u00e9si int\u00e9zked\u00e9seket alkalmaz, \u00e9s olyan elj\u00e1r\u00e1si szab\u00e1lyokat alak\u00edt ki, amelyek biztos\u00edtj\u00e1k, hogy a felvett, t\u00e1rolt, illetve kezelt adatok v\u00e9dettek legyenek, tov\u00e1bb\u00e1 megel\u0151zik azok jogosulatlan megismer\u00e9s\u00e9t, megv\u00e1ltoztat\u00e1s\u00e1t, tov\u00e1bb\u00edt\u00e1s\u00e1t, nyilv\u00e1noss\u00e1gra hozatal\u00e1t, t\u00f6rl\u00e9s\u00e9t vagy megsemmis\u00edt\u00e9s\u00e9t, valamint a v\u00e9letlen megsemmis\u00fcl\u00e9st \u00e9s s\u00e9r\u00fcl\u00e9st.<\/p><p>Az Adatkezel\u0151 gondoskodik arr\u00f3l, hogy a kezelt adatokhoz kiz\u00e1r\u00f3lag azok a szem\u00e9lyek f\u00e9rjenek hozz\u00e1, akiknek az a feladataik ell\u00e1t\u00e1s\u00e1hoz sz\u00fcks\u00e9ges. A hozz\u00e1f\u00e9r\u00e9si jogosults\u00e1gokat a sz\u00fcks\u00e9ges m\u00e9rt\u00e9kre korl\u00e1tozza, \u00e9s az adatfeldolgoz\u00f3kat szerz\u0151d\u00e9sben k\u00f6telezi a titoktart\u00e1s \u00e9s az adatbiztons\u00e1g k\u00f6vetelm\u00e9nyeinek betart\u00e1s\u00e1ra.<\/p><p>A pap\u00edralap\u00fa dokumentumokat az Adatkezel\u0151 mapp\u00e1kban, z\u00e1rhat\u00f3 szekr\u00e9nyben t\u00e1rolja. A digit\u00e1lis adatokhoz jelsz\u00f3val v\u00e9dett eszk\u00f6z\u00f6k\u00f6n \u00e9s hozz\u00e1f\u00e9r\u00e9s-szab\u00e1lyozott rendszereken kereszt\u00fcl lehet hozz\u00e1f\u00e9rni. Az Adatkezel\u0151 t\u00f6rekszik az eszk\u00f6z\u00f6k \u00e9s szoftverek naprak\u00e9szen tart\u00e1s\u00e1ra, a rendszeres biztons\u00e1gi ment\u00e9sre, az adat\u00e1tvitel v\u00e9delm\u00e9re, a rosszindulat\u00fa programok elleni v\u00e9delemre \u00e9s az incidensek felismer\u00e9s\u00e9re.<\/p><p>Az interneten, e-mailben, k\u00f6z\u00f6ss\u00e9gi platformon vagy Viber alkalmaz\u00e1son kereszt\u00fcl t\u00f6rt\u00e9n\u0151 adattov\u00e1bb\u00edt\u00e1s saj\u00e1toss\u00e1gai miatt teljes kock\u00e1zatmentess\u00e9g nem garant\u00e1lhat\u00f3. Az Adatkezel\u0151 ez\u00e9rt k\u00e9ri, hogy az \u00c9rintettek a szolg\u00e1ltat\u00e1s c\u00e9lj\u00e1hoz nem sz\u00fcks\u00e9ges bizalmas vagy k\u00fcl\u00f6nleges adatot ne k\u00fcldjenek.<\/p><h2>9. ADATV\u00c9DELMI INCIDENSEK KEZEL\u00c9SE<\/h2><p>Amennyiben az Adatkezel\u0151 az \u00e1ltala tov\u00e1bb\u00edtott, t\u00e1rolt vagy m\u00e1s m\u00f3don kezelt szem\u00e9lyes adatok v\u00e9letlen vagy jogellenes megsemmis\u00fcl\u00e9s\u00e9t, elveszt\u00e9s\u00e9t, megv\u00e1ltoztat\u00e1s\u00e1t, jogosulatlan k\u00f6zl\u00e9s\u00e9t vagy az azokhoz val\u00f3 jogosulatlan hozz\u00e1f\u00e9r\u00e9st eredm\u00e9nyez\u0151 esem\u00e9nyt \u00e9szlel, az esem\u00e9nyt adatv\u00e9delmi incidensk\u00e9nt kivizsg\u00e1lja, \u00e9rt\u00e9keli annak kock\u00e1zat\u00e1t, megteszi a sz\u00fcks\u00e9ges k\u00e1renyh\u00edt\u0151 \u00e9s helyre\u00e1ll\u00edt\u00f3 int\u00e9zked\u00e9seket, \u00e9s dokument\u00e1lja az esetet.<\/p><p>Ha az adatv\u00e9delmi incidens val\u00f3sz\u00edn\u0171s\u00edthet\u0151en kock\u00e1zattal j\u00e1r a term\u00e9szetes szem\u00e9lyek jogaira \u00e9s szabads\u00e1gaira n\u00e9zve, az Adatkezel\u0151 a GDPR 33. cikke alapj\u00e1n indokolatlan k\u00e9sedelem n\u00e9lk\u00fcl \u00e9s \u2013 ha lehets\u00e9ges \u2013 legk\u00e9s\u0151bb az incidensr\u0151l val\u00f3 tudom\u00e1sszerz\u00e9st k\u00f6vet\u0151 72 \u00f3r\u00e1n bel\u00fcl bejelenti azt a NAIH r\u00e9sz\u00e9re. Ha a bejelent\u00e9s 72 \u00f3r\u00e1n bel\u00fcl nem t\u00f6rt\u00e9nik meg, az Adatkezel\u0151 mell\u00e9keli a k\u00e9sedelem igazol\u00e1s\u00e1ra szolg\u00e1l\u00f3 indokokat.<\/p><p>Ha az adatv\u00e9delmi incidens val\u00f3sz\u00edn\u0171s\u00edthet\u0151en magas kock\u00e1zattal j\u00e1r a term\u00e9szetes szem\u00e9lyek jogaira \u00e9s szabads\u00e1gaira n\u00e9zve, az Adatkezel\u0151 a GDPR 34. cikke alapj\u00e1n indokolatlan k\u00e9sedelem n\u00e9lk\u00fcl t\u00e1j\u00e9koztatja az \u00c9rintettet, kiv\u00e9ve, ha a GDPR-ban meghat\u00e1rozott valamely mentes\u00fcl\u00e9si felt\u00e9tel fenn\u00e1ll.<\/p><p>Az adatv\u00e9delmi incidens az al\u00e1bbi el\u00e9rhet\u0151s\u00e9geken jelezhet\u0151 az Adatkezel\u0151nek:<\/p><table><tbody><tr><td width=\"166\"><p><strong>Telefon<\/strong><\/p><\/td><td width=\"454\"><p>+36 20 425 8332<\/p><\/td><\/tr><tr><td width=\"166\"><p><strong>E-mail<\/strong><\/p><\/td><td width=\"454\"><p>sinko.tibor@solarware.hu<\/p><\/td><\/tr><\/tbody><\/table><p>A bejelent\u00e9sben lehet\u0151s\u00e9g szerint meg kell adni:<\/p><ul><li>a bejelent\u0151 nev\u00e9t \u00e9s el\u00e9rhet\u0151s\u00e9g\u00e9t;<\/li><li>az esem\u00e9ny r\u00f6vid le\u00edr\u00e1s\u00e1t \u00e9s \u00e9szlel\u00e9s\u00e9nek id\u0151pontj\u00e1t;<\/li><li>az \u00e9rintett rendszer, eszk\u00f6z, szoftver vagy dokumentum megjel\u00f6l\u00e9s\u00e9t;<\/li><li>az \u00e9rintett szem\u00e9lyek \u00e9s adatok ismert vagy becs\u00fclt k\u00f6r\u00e9t;<\/li><li>az \u00e9szlelt k\u00f6vetkezm\u00e9nyeket \u00e9s a m\u00e1r megtett int\u00e9zked\u00e9seket.<\/li><\/ul><p>Az Adatkezel\u0151 a bejelent\u00e9st halad\u00e9ktalanul megvizsg\u00e1lja, sz\u00fcks\u00e9g eset\u00e9n tov\u00e1bbi adatokat k\u00e9r, \u00e9s gondoskodik az esem\u00e9ny kezel\u00e9s\u00e9r\u0151l. A NAIH-nak tett bejelent\u00e9s lehet\u0151s\u00e9g szerint tartalmazza az adatv\u00e9delmi incidens jelleg\u00e9t, az \u00e9rintettek \u00e9s adatok kateg\u00f3ri\u00e1it \u00e9s hozz\u00e1vet\u0151leges sz\u00e1m\u00e1t, a kapcsolattart\u00f3 nev\u00e9t \u00e9s el\u00e9rhet\u0151s\u00e9g\u00e9t, a val\u00f3sz\u00edn\u0171s\u00edthet\u0151 k\u00f6vetkezm\u00e9nyeket, valamint az incidens orvosl\u00e1s\u00e1ra tett vagy tervezett int\u00e9zked\u00e9seket.<\/p><p>Az \u00c9rintett t\u00e1j\u00e9koztat\u00e1sa vil\u00e1gos \u00e9s k\u00f6z\u00e9rthet\u0151 form\u00e1ban ismerteti az adatv\u00e9delmi incidens jelleg\u00e9t, a tov\u00e1bbi t\u00e1j\u00e9koztat\u00e1st ny\u00fajt\u00f3 kapcsolattart\u00f3 el\u00e9rhet\u0151s\u00e9g\u00e9t, a val\u00f3sz\u00edn\u0171s\u00edthet\u0151 k\u00f6vetkezm\u00e9nyeket, valamint az incidens orvosl\u00e1s\u00e1ra \u00e9s a h\u00e1tr\u00e1nyos k\u00f6vetkezm\u00e9nyek enyh\u00edt\u00e9s\u00e9re tett vagy tervezett int\u00e9zked\u00e9seket.<\/p><p>Az Adatkezel\u0151 nem k\u00f6teles az \u00c9rintettet k\u00fcl\u00f6n t\u00e1j\u00e9koztatni, ha megfelel\u0151 technikai \u00e9s szervez\u00e9si v\u00e9delmi int\u00e9zked\u00e9seket alkalmazott az incidenssel \u00e9rintett adatok tekintet\u00e9ben, k\u00fcl\u00f6n\u00f6sen ha az adatok illet\u00e9ktelen szem\u00e9ly sz\u00e1m\u00e1ra \u00e9rtelmezhetetlenek; ha az incidenst k\u00f6vet\u0151 int\u00e9zked\u00e9sek biztos\u00edtj\u00e1k, hogy a magas kock\u00e1zat a tov\u00e1bbiakban val\u00f3sz\u00edn\u0171s\u00edthet\u0151en nem val\u00f3sul meg; vagy ha a t\u00e1j\u00e9koztat\u00e1s ar\u00e1nytalan er\u0151fesz\u00edt\u00e9st tenne sz\u00fcks\u00e9gess\u00e9, amely esetben nyilv\u00e1nos t\u00e1j\u00e9koztat\u00e1s vagy hasonl\u00f3an hat\u00e9kony int\u00e9zked\u00e9s t\u00f6rt\u00e9nik.<\/p><h2>10. ADATV\u00c9DELMI INCIDENSEK NYILV\u00c1NTART\u00c1SA<\/h2><p>Az Adatkezel\u0151 az adatv\u00e9delmi incidensekr\u0151l nyilv\u00e1ntart\u00e1st vezet. A nyilv\u00e1ntart\u00e1s lehet\u0151v\u00e9 teszi, hogy a fel\u00fcgyeleti hat\u00f3s\u00e1g ellen\u0151rizhesse a GDPR 33. cikk\u00e9ben foglalt k\u00f6vetelm\u00e9nyeknek val\u00f3 megfelel\u00e9st.<\/p><p>A nyilv\u00e1ntart\u00e1sban r\u00f6gz\u00edteni kell:<\/p><ul><li>az adatv\u00e9delmi incidens t\u00e9ny\u00e9t, jelleg\u00e9t \u00e9s id\u0151pontj\u00e1t;<\/li><li>az \u00e9rintett szem\u00e9lyes adatok kateg\u00f3ri\u00e1it \u00e9s \u2013 ha meg\u00e1llap\u00edthat\u00f3 \u2013 hozz\u00e1vet\u0151leges sz\u00e1m\u00e1t;<\/li><li>az incidenssel \u00e9rintett szem\u00e9lyek kateg\u00f3ri\u00e1it \u00e9s \u2013 ha meg\u00e1llap\u00edthat\u00f3 \u2013 hozz\u00e1vet\u0151leges sz\u00e1m\u00e1t;<\/li><li>az adatv\u00e9delmi incidens k\u00f6r\u00fclm\u00e9nyeit \u00e9s val\u00f3sz\u00edn\u0171s\u00edthet\u0151 k\u00f6vetkezm\u00e9nyeit;<\/li><li>az incidens elh\u00e1r\u00edt\u00e1s\u00e1ra, kezel\u00e9s\u00e9re \u00e9s a h\u00e1tr\u00e1nyos k\u00f6vetkezm\u00e9nyek enyh\u00edt\u00e9s\u00e9re tett int\u00e9zked\u00e9seket;<\/li><li>a NAIH r\u00e9sz\u00e9re tett bejelent\u00e9s, illetve az \u00c9rintettek t\u00e1j\u00e9koztat\u00e1s\u00e1nak t\u00e9ny\u00e9t \u00e9s id\u0151pontj\u00e1t, vagy ezek elmarad\u00e1s\u00e1nak indok\u00e1t;<\/li><li>az incidens kezel\u00e9s\u00e9vel \u00f6sszef\u00fcgg\u0151 egy\u00e9b l\u00e9nyeges adatokat.<\/li><\/ul><p>A nyilv\u00e1ntart\u00e1sban szerepl\u0151 adatokat az Adatkezel\u0151 az elsz\u00e1moltathat\u00f3s\u00e1g igazol\u00e1s\u00e1hoz \u00e9s a jogi ig\u00e9nyek kezel\u00e9s\u00e9hez sz\u00fcks\u00e9ges ideig, f\u0151szab\u00e1ly szerint az incidens lez\u00e1r\u00e1s\u00e1t\u00f3l sz\u00e1m\u00edtott 5 \u00e9vig \u0151rzi meg. Folyamatban l\u00e9v\u0151 hat\u00f3s\u00e1gi, b\u00edr\u00f3s\u00e1gi vagy m\u00e1s elj\u00e1r\u00e1s eset\u00e9n az adatokat az elj\u00e1r\u00e1s joger\u0151s lez\u00e1r\u00e1s\u00e1ig meg\u0151rzi.<\/p><h2>11. JOGORVOSLATHOZ VAL\u00d3 JOG<\/h2><p>B\u00e1rmilyen, adatkezel\u00e9ssel kapcsolatos k\u00e9rd\u00e9ssel, \u00e9szrev\u00e9tellel vagy k\u00e9relemmel az \u00c9rintett a jelen t\u00e1j\u00e9koztat\u00f3ban megadott el\u00e9rhet\u0151s\u00e9gek valamelyik\u00e9n keresheti fel az Adatkezel\u0151t.<\/p><p>Jogorvoslati lehet\u0151s\u00e9ggel, panasszal a Nemzeti Adatv\u00e9delmi \u00e9s Inform\u00e1ci\u00f3szabads\u00e1g Hat\u00f3s\u00e1gn\u00e1l lehet \u00e9lni:<\/p><table><tbody><tr><td width=\"166\"><p><strong>N\u00e9v<\/strong><\/p><\/td><td width=\"454\"><p>Nemzeti Adatv\u00e9delmi \u00e9s Inform\u00e1ci\u00f3szabads\u00e1g Hat\u00f3s\u00e1g<\/p><\/td><\/tr><tr><td width=\"166\"><p><strong>Sz\u00e9khely<\/strong><\/p><\/td><td width=\"454\"><p>1055 Budapest, Falk Miksa utca 9\u201311.<\/p><\/td><\/tr><tr><td width=\"166\"><p><strong>Levelez\u00e9si c\u00edm<\/strong><\/p><\/td><td width=\"454\"><p>1363 Budapest, Pf. 9.<\/p><\/td><\/tr><tr><td width=\"166\"><p><strong>Telefon<\/strong><\/p><\/td><td width=\"454\"><p>+36 1 391 1400<\/p><\/td><\/tr><tr><td width=\"166\"><p><strong>Honlap<\/strong><\/p><\/td><td width=\"454\"><p>https:\/\/www.naih.hu<\/p><\/td><\/tr><tr><td width=\"166\"><p><strong>E-mail<\/strong><\/p><\/td><td width=\"454\"><p>ugyfelszolgalat@naih.hu<\/p><\/td><\/tr><\/tbody><\/table><p>Az \u00c9rintett jogainak megs\u00e9rt\u00e9se eset\u00e9n az Adatkezel\u0151 ellen b\u00edr\u00f3s\u00e1ghoz fordulhat. A pert az \u00c9rintett \u2013 v\u00e1laszt\u00e1sa szerint \u2013 a lak\u00f3helye vagy tart\u00f3zkod\u00e1si helye szerinti t\u00f6rv\u00e9nysz\u00e9k el\u0151tt is megind\u00edthatja. A b\u00edr\u00f3s\u00e1g az \u00fcgyben soron k\u00edv\u00fcl j\u00e1r el.<\/p><p>Az Adatkezel\u0151 v\u00e1llalja, hogy a hat\u00f3s\u00e1gi \u00e9s b\u00edr\u00f3s\u00e1gi elj\u00e1r\u00e1sok sor\u00e1n a NAIH-hal \u00e9s az elj\u00e1r\u00f3 b\u00edr\u00f3s\u00e1ggal egy\u00fcttm\u0171k\u00f6dik, \u00e9s a jogszab\u00e1lyban meghat\u00e1rozott keretek k\u00f6z\u00f6tt rendelkez\u00e9sre bocs\u00e1tja az adatkezel\u00e9sre vonatkoz\u00f3 inform\u00e1ci\u00f3kat.<\/p><p>Aki a GDPR megs\u00e9rt\u00e9s\u00e9nek eredm\u00e9nyek\u00e9nt vagyoni vagy nem vagyoni k\u00e1rt szenvedett, az elszenvedett k\u00e1r\u00e9rt az adatkezel\u0151t\u0151l vagy az adatfeldolgoz\u00f3t\u00f3l k\u00e1rt\u00e9r\u00edt\u00e9sre jogosult a GDPR 82. cikk\u00e9ben meghat\u00e1rozott felt\u00e9telekkel. Az Adatkezel\u0151 mentes\u00fcl a felel\u0151ss\u00e9g al\u00f3l, ha bizony\u00edtja, hogy a k\u00e1rt el\u0151id\u00e9z\u0151 esem\u00e9ny\u00e9rt semmilyen m\u00f3don nem terheli felel\u0151ss\u00e9g.<\/p><p>Az Adatkezel\u0151 fenntartja mag\u00e1nak a jogot a jelen t\u00e1j\u00e9koztat\u00f3 megv\u00e1ltoztat\u00e1s\u00e1ra. A m\u00f3dos\u00edtott t\u00e1j\u00e9koztat\u00f3t az Adatkezel\u0151 a honlapj\u00e1n k\u00f6zz\u00e9teszi, \u00e9s a m\u00f3dos\u00edt\u00e1s id\u0151pontj\u00e1t a dokumentum elej\u00e9n felt\u00fcnteti.<\/p><p>K\u00f6zz\u00e9t\u00e9tel el\u0151tt kit\u00f6ltend\u0151: a k\u00f6nyvel\u0151 \u00e9s a logisztikai partner pontos adatai, valamint a logisztikai partner r\u00e9sz\u00e9re tov\u00e1bb\u00edtott szem\u00e9lyes adatok k\u00f6re.<\/p>\t\t\t\t\t\t\t\t<\/div>\n\t\t<div class=\"elementor-element elementor-element-554a0b67 e-con-full e-flex e-con e-child\" data-id=\"554a0b67\" data-element_type=\"container\" data-e-type=\"container\">\n\t\t\t\t<div class=\"elementor-element elementor-element-41d53a42 elementor-widget elementor-widget-heading\" data-id=\"41d53a42\" data-element_type=\"widget\" data-e-type=\"widget\" data-widget_type=\"heading.default\">\n\t\t\t\t\t<h2 class=\"elementor-heading-title elementor-size-default\">Ezek a cikkek \u00e9rdekelhetik:<\/h2>\t\t\t\t<\/div>\n\t\t\t\t<div class=\"elementor-element elementor-element-c1fba25 elementor-grid-1 mobile-posts-stack elementor-widget__width-inherit elementor-grid-tablet-2 elementor-grid-mobile-1 elementor-posts--thumbnail-top elementor-card-shadow-yes elementor-posts__hover-gradient elementor-widget elementor-widget-posts\" data-id=\"c1fba25\" data-element_type=\"widget\" data-e-type=\"widget\" data-settings=\"{&quot;cards_columns&quot;:&quot;1&quot;,&quot;cards_columns_tablet&quot;:&quot;2&quot;,&quot;cards_columns_mobile&quot;:&quot;1&quot;,&quot;cards_row_gap&quot;:{&quot;unit&quot;:&quot;px&quot;,&quot;size&quot;:35,&quot;sizes&quot;:[]},&quot;cards_row_gap_tablet&quot;:{&quot;unit&quot;:&quot;px&quot;,&quot;size&quot;:&quot;&quot;,&quot;sizes&quot;:[]},&quot;cards_row_gap_mobile&quot;:{&quot;unit&quot;:&quot;px&quot;,&quot;size&quot;:&quot;&quot;,&quot;sizes&quot;:[]}}\" data-widget_type=\"posts.cards\">\n\t\t\t\t<div class=\"elementor-widget-container\">\n\t\t\t\t\t\t\t<div class=\"elementor-posts-container elementor-posts elementor-posts--skin-cards elementor-grid\" role=\"list\">\n\t\t\t\t<article class=\"elementor-post elementor-grid-item post-728 post type-post status-publish format-standard has-post-thumbnail hentry category-meresek category-pv-rendszerek\" role=\"listitem\">\n\t\t\t<div class=\"elementor-post__card\">\n\t\t\t\t<a class=\"elementor-post__thumbnail__link\" href=\"https:\/\/solarware.hu\/en\/miert-elonyos-az-u-i-karakterisztika-merese-napelemes-rendszereknel\/\" tabindex=\"-1\" ><div class=\"elementor-post__thumbnail\"><img fetchpriority=\"high\" decoding=\"async\" width=\"768\" height=\"536\" src=\"https:\/\/solarware.hu\/wp-content\/uploads\/2026\/07\/PV-meres.jpg\" class=\"attachment-full size-full wp-image-729\" alt=\"\" srcset=\"https:\/\/solarware.hu\/wp-content\/uploads\/2026\/07\/PV-meres.jpg 768w, https:\/\/solarware.hu\/wp-content\/uploads\/2026\/07\/PV-meres-300x209.jpg 300w, https:\/\/solarware.hu\/wp-content\/uploads\/2026\/07\/PV-meres-18x12.jpg 18w\" sizes=\"(max-width: 768px) 100vw, 768px\" \/><\/div><\/a>\n\t\t\t\t<div class=\"elementor-post__badge\">M\u00e9r\u00e9sek<\/div>\n\t\t\t\t<div class=\"elementor-post__text\">\n\t\t\t\t<h3 class=\"elementor-post__title\">\n\t\t\t<a href=\"https:\/\/solarware.hu\/en\/miert-elonyos-az-u-i-karakterisztika-merese-napelemes-rendszereknel\/\" >\n\t\t\t\tMi\u00e9rt el\u0151ny\u00f6s az U\u2013I karakterisztika m\u00e9r\u00e9se napelemes rendszerekn\u00e9l?\t\t\t<\/a>\n\t\t<\/h3>\n\t\t\t\t<div class=\"elementor-post__excerpt\">\n\t\t\t<p>Az\u00a0U\u2013I karakterisztika m\u00e9r\u00e9s a napelem modulok val\u00f3s m\u0171k\u00f6d\u00e9s\u00e9t mutatja meg, \u00e9s olyan hib\u00e1kra der\u00edt f\u00e9nyt, amelyek m\u00e1s m\u00f3dszerekkel rejtve maradn\u00e1nak.<\/p>\n\t\t<\/div>\n\t\t\n\t\t<a class=\"elementor-post__read-more\" href=\"https:\/\/solarware.hu\/en\/miert-elonyos-az-u-i-karakterisztika-merese-napelemes-rendszereknel\/\" aria-label=\"Read more about Mi\u00e9rt el\u0151ny\u00f6s az U\u2013I karakterisztika m\u00e9r\u00e9se napelemes rendszerekn\u00e9l?\" tabindex=\"-1\" >\n\t\t\tR\u00c9SZLETEK \u00bb\t\t<\/a>\n\n\t\t\t\t<\/div>\n\t\t\t\t\t<\/div>\n\t\t<\/article>\n\t\t\t\t<article class=\"elementor-post elementor-grid-item post-650 post type-post status-publish format-standard has-post-thumbnail hentry category-allaslehetoseg\" role=\"listitem\">\n\t\t\t<div class=\"elementor-post__card\">\n\t\t\t\t<a class=\"elementor-post__thumbnail__link\" href=\"https:\/\/solarware.hu\/en\/pv-szakembert-keresunk\/\" tabindex=\"-1\" ><div class=\"elementor-post__thumbnail\"><img decoding=\"async\" width=\"1000\" height=\"545\" src=\"https:\/\/solarware.hu\/wp-content\/uploads\/2026\/07\/allas-solarware1.png\" class=\"attachment-full size-full wp-image-659\" alt=\"\" srcset=\"https:\/\/solarware.hu\/wp-content\/uploads\/2026\/07\/allas-solarware1.png 1000w, https:\/\/solarware.hu\/wp-content\/uploads\/2026\/07\/allas-solarware1-300x164.png 300w, https:\/\/solarware.hu\/wp-content\/uploads\/2026\/07\/allas-solarware1-768x419.png 768w, https:\/\/solarware.hu\/wp-content\/uploads\/2026\/07\/allas-solarware1-18x10.png 18w\" sizes=\"(max-width: 1000px) 100vw, 1000px\" \/><\/div><\/a>\n\t\t\t\t<div class=\"elementor-post__badge\">\u00c1ll\u00e1slehet\u0151s\u00e9g<\/div>\n\t\t\t\t<div class=\"elementor-post__text\">\n\t\t\t\t<h3 class=\"elementor-post__title\">\n\t\t\t<a href=\"https:\/\/solarware.hu\/en\/pv-szakembert-keresunk\/\" >\n\t\t\t\tIpari napelemes (PV) villamoss\u00e1gi szakember\t\t\t<\/a>\n\t\t<\/h3>\n\t\t\t\t<div class=\"elementor-post__excerpt\">\n\t\t\t<p>Napelemes (PV) ipari villamoss\u00e1gi szakembert keres\u00fcnk egyed\u00fcl\u00e1ll\u00f3, bar\u00e1ts\u00e1gos \u00e9s gyorsan n\u00f6vekv\u0151 m\u00e9rn\u00f6ki csapatunkba.<\/p>\n\t\t<\/div>\n\t\t\n\t\t<a class=\"elementor-post__read-more\" href=\"https:\/\/solarware.hu\/en\/pv-szakembert-keresunk\/\" aria-label=\"Read more about Ipari napelemes (PV) villamoss\u00e1gi szakember\" tabindex=\"-1\" >\n\t\t\tR\u00c9SZLETEK \u00bb\t\t<\/a>\n\n\t\t\t\t<\/div>\n\t\t\t\t\t<\/div>\n\t\t<\/article>\n\t\t\t\t<article class=\"elementor-post elementor-grid-item post-732 post type-post status-publish format-standard has-post-thumbnail hentry category-meresek\" role=\"listitem\">\n\t\t\t<div class=\"elementor-post__card\">\n\t\t\t\t<a class=\"elementor-post__thumbnail__link\" href=\"https:\/\/solarware.hu\/en\/lathatatlan-veszely-miert-eletmento-a-kabelek-szigetelesi-ellenallas-merese\/\" tabindex=\"-1\" ><div class=\"elementor-post__thumbnail\"><img decoding=\"async\" width=\"1024\" height=\"674\" src=\"https:\/\/solarware.hu\/wp-content\/uploads\/2026\/07\/Szigetelesi-ellenallas-meres-1024x674-1.jpg\" class=\"attachment-full size-full wp-image-733\" alt=\"\" srcset=\"https:\/\/solarware.hu\/wp-content\/uploads\/2026\/07\/Szigetelesi-ellenallas-meres-1024x674-1.jpg 1024w, https:\/\/solarware.hu\/wp-content\/uploads\/2026\/07\/Szigetelesi-ellenallas-meres-1024x674-1-300x197.jpg 300w, https:\/\/solarware.hu\/wp-content\/uploads\/2026\/07\/Szigetelesi-ellenallas-meres-1024x674-1-768x506.jpg 768w, https:\/\/solarware.hu\/wp-content\/uploads\/2026\/07\/Szigetelesi-ellenallas-meres-1024x674-1-18x12.jpg 18w\" sizes=\"(max-width: 1024px) 100vw, 1024px\" \/><\/div><\/a>\n\t\t\t\t<div class=\"elementor-post__badge\">M\u00e9r\u00e9sek<\/div>\n\t\t\t\t<div class=\"elementor-post__text\">\n\t\t\t\t<h3 class=\"elementor-post__title\">\n\t\t\t<a href=\"https:\/\/solarware.hu\/en\/lathatatlan-veszely-miert-eletmento-a-kabelek-szigetelesi-ellenallas-merese\/\" >\n\t\t\t\tL\u00e1thatatlan vesz\u00e9ly: Mi\u00e9rt \u00e9letment\u0151 a k\u00e1belek szigetel\u00e9si ellen\u00e1ll\u00e1s m\u00e9r\u00e9se?\t\t\t<\/a>\n\t\t<\/h3>\n\t\t\t\t<div class=\"elementor-post__excerpt\">\n\t\t\t<p>A diagnosztika els\u0151 sz\u00e1m\u00fa fegyvere a\u00a0szigetel\u00e9si ellen\u00e1ll\u00e1s m\u00e9r\u00e9se, amely k\u00e9pes kimutatni a hib\u00e1kat m\u00e9g azel\u0151tt, hogy azok katasztr\u00f3f\u00e1hoz vezetn\u00e9nek.<\/p>\n\t\t<\/div>\n\t\t\n\t\t<a class=\"elementor-post__read-more\" href=\"https:\/\/solarware.hu\/en\/lathatatlan-veszely-miert-eletmento-a-kabelek-szigetelesi-ellenallas-merese\/\" aria-label=\"Read more about L\u00e1thatatlan vesz\u00e9ly: Mi\u00e9rt \u00e9letment\u0151 a k\u00e1belek szigetel\u00e9si ellen\u00e1ll\u00e1s m\u00e9r\u00e9se?\" tabindex=\"-1\" >\n\t\t\tR\u00c9SZLETEK \u00bb\t\t<\/a>\n\n\t\t\t\t<\/div>\n\t\t\t\t\t<\/div>\n\t\t<\/article>\n\t\t\t\t<article class=\"elementor-post elementor-grid-item post-725 post type-post status-publish format-standard has-post-thumbnail hentry category-meresek\" role=\"listitem\">\n\t\t\t<div class=\"elementor-post__card\">\n\t\t\t\t<a class=\"elementor-post__thumbnail__link\" href=\"https:\/\/solarware.hu\/en\/miert-hasznos-a-folytonossag-kontaktus-ellenallas-meres-a-villamos-rendszerekben\/\" tabindex=\"-1\" ><div class=\"elementor-post__thumbnail\"><img loading=\"lazy\" decoding=\"async\" width=\"1024\" height=\"686\" src=\"https:\/\/solarware.hu\/wp-content\/uploads\/2026\/07\/kontaktus-folytonossag.jpg\" class=\"attachment-full size-full wp-image-726\" alt=\"\" srcset=\"https:\/\/solarware.hu\/wp-content\/uploads\/2026\/07\/kontaktus-folytonossag.jpg 1024w, https:\/\/solarware.hu\/wp-content\/uploads\/2026\/07\/kontaktus-folytonossag-300x201.jpg 300w, https:\/\/solarware.hu\/wp-content\/uploads\/2026\/07\/kontaktus-folytonossag-768x515.jpg 768w, https:\/\/solarware.hu\/wp-content\/uploads\/2026\/07\/kontaktus-folytonossag-18x12.jpg 18w\" sizes=\"(max-width: 1024px) 100vw, 1024px\" \/><\/div><\/a>\n\t\t\t\t<div class=\"elementor-post__badge\">M\u00e9r\u00e9sek<\/div>\n\t\t\t\t<div class=\"elementor-post__text\">\n\t\t\t\t<h3 class=\"elementor-post__title\">\n\t\t\t<a href=\"https:\/\/solarware.hu\/en\/miert-hasznos-a-folytonossag-kontaktus-ellenallas-meres-a-villamos-rendszerekben\/\" >\n\t\t\t\tMi\u00e9rt hasznos a folytonoss\u00e1g kontaktus\u2011ellen\u00e1ll\u00e1s m\u00e9r\u00e9s a villamos rendszerekben?\t\t\t<\/a>\n\t\t<\/h3>\n\t\t\t\t<div class=\"elementor-post__excerpt\">\n\t\t\t<p>A fotovoltaikus rendszerek megb\u00edzhat\u00f3s\u00e1ga nem csak a panelek min\u0151s\u00e9g\u00e9n vagy az inverter hat\u00e1sfok\u00e1n m\u00falik. <\/p>\n\t\t<\/div>\n\t\t\n\t\t<a class=\"elementor-post__read-more\" href=\"https:\/\/solarware.hu\/en\/miert-hasznos-a-folytonossag-kontaktus-ellenallas-meres-a-villamos-rendszerekben\/\" aria-label=\"Read more about Mi\u00e9rt hasznos a folytonoss\u00e1g kontaktus\u2011ellen\u00e1ll\u00e1s m\u00e9r\u00e9s a villamos rendszerekben?\" tabindex=\"-1\" >\n\t\t\tR\u00c9SZLETEK \u00bb\t\t<\/a>\n\n\t\t\t\t<\/div>\n\t\t\t\t\t<\/div>\n\t\t<\/article>\n\t\t\t\t<article class=\"elementor-post elementor-grid-item post-338 post type-post status-publish format-standard has-post-thumbnail hentry category-ev-toltok\" role=\"listitem\">\n\t\t\t<div class=\"elementor-post__card\">\n\t\t\t\t<a class=\"elementor-post__thumbnail__link\" href=\"https:\/\/solarware.hu\/en\/elektromos-autotolto-felulvizsgalat\/\" tabindex=\"-1\" ><div class=\"elementor-post__thumbnail\"><img loading=\"lazy\" decoding=\"async\" width=\"972\" height=\"595\" src=\"https:\/\/solarware.hu\/wp-content\/uploads\/2026\/03\/image-servicecard-1-e1774954122482.png\" class=\"attachment-full size-full wp-image-295\" alt=\"\" srcset=\"https:\/\/solarware.hu\/wp-content\/uploads\/2026\/03\/image-servicecard-1-e1774954122482.png 972w, https:\/\/solarware.hu\/wp-content\/uploads\/2026\/03\/image-servicecard-1-e1774954122482-300x184.png 300w, https:\/\/solarware.hu\/wp-content\/uploads\/2026\/03\/image-servicecard-1-e1774954122482-768x470.png 768w, https:\/\/solarware.hu\/wp-content\/uploads\/2026\/03\/image-servicecard-1-e1774954122482-18x12.png 18w\" sizes=\"(max-width: 972px) 100vw, 972px\" \/><\/div><\/a>\n\t\t\t\t<div class=\"elementor-post__badge\">Eletromos aut\u00f3t\u00f6lt\u0151k<\/div>\n\t\t\t\t<div class=\"elementor-post__text\">\n\t\t\t\t<h3 class=\"elementor-post__title\">\n\t\t\t<a href=\"https:\/\/solarware.hu\/en\/elektromos-autotolto-felulvizsgalat\/\" >\n\t\t\t\tElektromos aut\u00f3t\u00f6lt\u0151 villamosbiztons\u00e1gi fel\u00fclvizsg\u00e1lata\t\t\t<\/a>\n\t\t<\/h3>\n\t\t\t\t<div class=\"elementor-post__excerpt\">\n\t\t\t<p>Elektromos aut\u00f3k m\u0171k\u00f6d\u00e9s\u00e9hez sz\u00fcks\u00e9ges energi\u00e1t akkumul\u00e1torukban t\u00e1rolt elektromos energi\u00e1b\u00f3l nyerik. <\/p>\n\t\t<\/div>\n\t\t\n\t\t<a class=\"elementor-post__read-more\" href=\"https:\/\/solarware.hu\/en\/elektromos-autotolto-felulvizsgalat\/\" aria-label=\"Read more about Elektromos aut\u00f3t\u00f6lt\u0151 villamosbiztons\u00e1gi fel\u00fclvizsg\u00e1lata\" tabindex=\"-1\" >\n\t\t\tR\u00c9SZLETEK \u00bb\t\t<\/a>\n\n\t\t\t\t<\/div>\n\t\t\t\t\t<\/div>\n\t\t<\/article>\n\t\t\t\t<article class=\"elementor-post elementor-grid-item post-334 post type-post status-publish format-standard has-post-thumbnail hentry category-pv-rendszerek\" role=\"listitem\">\n\t\t\t<div class=\"elementor-post__card\">\n\t\t\t\t<a class=\"elementor-post__thumbnail__link\" href=\"https:\/\/solarware.hu\/en\/napelemes-pv-rendszerek-vizsgalata\/\" tabindex=\"-1\" ><div class=\"elementor-post__thumbnail\"><img loading=\"lazy\" decoding=\"async\" width=\"972\" height=\"595\" src=\"https:\/\/solarware.hu\/wp-content\/uploads\/2026\/03\/image-servicecard--e1774954097742.png\" class=\"attachment-full size-full wp-image-294\" alt=\"\" srcset=\"https:\/\/solarware.hu\/wp-content\/uploads\/2026\/03\/image-servicecard--e1774954097742.png 972w, https:\/\/solarware.hu\/wp-content\/uploads\/2026\/03\/image-servicecard--e1774954097742-300x184.png 300w, https:\/\/solarware.hu\/wp-content\/uploads\/2026\/03\/image-servicecard--e1774954097742-768x470.png 768w, https:\/\/solarware.hu\/wp-content\/uploads\/2026\/03\/image-servicecard--e1774954097742-18x12.png 18w\" sizes=\"(max-width: 972px) 100vw, 972px\" \/><\/div><\/a>\n\t\t\t\t<div class=\"elementor-post__badge\">Napelemes (PV) rendszerek<\/div>\n\t\t\t\t<div class=\"elementor-post__text\">\n\t\t\t\t<h3 class=\"elementor-post__title\">\n\t\t\t<a href=\"https:\/\/solarware.hu\/en\/napelemes-pv-rendszerek-vizsgalata\/\" >\n\t\t\t\tNapelemes (PV) rendszerek vizsg\u00e1lata\t\t\t<\/a>\n\t\t<\/h3>\n\t\t\t\t<div class=\"elementor-post__excerpt\">\n\t\t\t<p>A fotovoltanikus rendszerek terjed\u00e9s\u00e9vel megjelennek az ipari \u00e9s h\u00e1ztart\u00e1si m\u00e9ret\u0171 energiat\u00e1rol\u00f3 berendez\u00e9sek is.<\/p>\n\t\t<\/div>\n\t\t\n\t\t<a class=\"elementor-post__read-more\" href=\"https:\/\/solarware.hu\/en\/napelemes-pv-rendszerek-vizsgalata\/\" aria-label=\"Read more about Napelemes (PV) rendszerek vizsg\u00e1lata\" tabindex=\"-1\" >\n\t\t\tR\u00c9SZLETEK \u00bb\t\t<\/a>\n\n\t\t\t\t<\/div>\n\t\t\t\t\t<\/div>\n\t\t<\/article>\n\t\t\t\t<\/div>\n\t\t\n\t\t\t\t\t\t<\/div>\n\t\t\t\t<\/div>\n\t\t\t\t<\/div>\n\t\t\t\t<\/div>\n\t\t\t\t<\/div>\n\t\t","protected":false},"excerpt":{"rendered":"<p>Solarware Hungary M\u00e9rn\u00f6ki Kft. Utols\u00f3 m\u00f3dos\u00edt\u00e1s 2026. j\u00falius 23. Adatkezel\u0151 Solarware Hungary M\u00e9rn\u00f6ki Korl\u00e1tolt Felel\u0151ss\u00e9g\u0171 T\u00e1rsas\u00e1g C\u00e9gjegyz\u00e9ksz\u00e1m 01-09-442785 Ad\u00f3sz\u00e1m 27749045-2-42 Sz\u00e9khely 1173 Budapest, Pesti \u00fat 17. \u00c1ltal\u00e1nos e-mail tibor.sinko@solarware.hu Adatv\u00e9delmi \u00e9s \u00e9rintetti k\u00e9relmek e-mail-c\u00edme sinko.tibor@solarware.hu Telefonsz\u00e1m +36 20 425 8332 Honlap www.solarware.hu Az Adatkezel\u0151 \u00f6n\u00e1ll\u00f3 adatkezel\u0151k\u00e9nt j\u00e1r el a m\u00e9rn\u00f6ki, m\u0171szaki tan\u00e1csad\u00e1si, napelemes rendszerekhez \u00e9s &#8230; <a title=\"Solar (PV) system inspection\" class=\"read-more\" href=\"https:\/\/solarware.hu\/en\/napelemes-pv-rendszerek-vizsgalata\/\" aria-label=\"Read more about Napelemes (PV) rendszerek vizsg\u00e1lata\">Read more<\/a><\/p>","protected":false},"author":1,"featured_media":0,"parent":0,"menu_order":0,"comment_status":"closed","ping_status":"closed","template":"","meta":{"footnotes":""},"class_list":["post-3","page","type-page","status-publish","hentry"],"_links":{"self":[{"href":"https:\/\/solarware.hu\/en\/wp-json\/wp\/v2\/pages\/3","targetHints":{"allow":["GET"]}}],"collection":[{"href":"https:\/\/solarware.hu\/en\/wp-json\/wp\/v2\/pages"}],"about":[{"href":"https:\/\/solarware.hu\/en\/wp-json\/wp\/v2\/types\/page"}],"author":[{"embeddable":true,"href":"https:\/\/solarware.hu\/en\/wp-json\/wp\/v2\/users\/1"}],"replies":[{"embeddable":true,"href":"https:\/\/solarware.hu\/en\/wp-json\/wp\/v2\/comments?post=3"}],"version-history":[{"count":22,"href":"https:\/\/solarware.hu\/en\/wp-json\/wp\/v2\/pages\/3\/revisions"}],"predecessor-version":[{"id":804,"href":"https:\/\/solarware.hu\/en\/wp-json\/wp\/v2\/pages\/3\/revisions\/804"}],"wp:attachment":[{"href":"https:\/\/solarware.hu\/en\/wp-json\/wp\/v2\/media?parent=3"}],"curies":[{"name":"wp","href":"https:\/\/api.w.org\/{rel}","templated":true}]}}